{"id":31,"date":"2026-02-23T22:31:42","date_gmt":"2026-02-23T22:31:42","guid":{"rendered":"https:\/\/tomatoday.fruitveb.hu\/?page_id=31"},"modified":"2026-04-29T10:47:16","modified_gmt":"2026-04-29T10:47:16","slug":"tamogatoink","status":"publish","type":"page","link":"https:\/\/tomatoday.fruitveb.hu\/en\/tamogatoink\/","title":{"rendered":"Sponsors"},"content":{"rendered":"<h2 class=\"wp-block-heading\"><strong>Kiemelt t\u00e1mogat\u00f3ink:<\/strong><\/h2>\n\n\n\n<h2 class=\"wp-block-heading\">Kiemelt t\u00e1mogat\u00f3: Bom Greenhouses B.V. (Hollandia)<\/h2>\n\n\n\n<figure class=\"wp-block-image size-medium\"><img loading=\"lazy\" decoding=\"async\" width=\"300\" height=\"108\" src=\"https:\/\/tomatoday.fruitveb.hu\/wp-content\/uploads\/2026\/04\/Bom-Group-logo-PNG-1-300x108.png\" alt=\"\" class=\"wp-image-1127\" srcset=\"https:\/\/tomatoday.fruitveb.hu\/wp-content\/uploads\/2026\/04\/Bom-Group-logo-PNG-1-300x108.png 300w, https:\/\/tomatoday.fruitveb.hu\/wp-content\/uploads\/2026\/04\/Bom-Group-logo-PNG-1-1024x369.png 1024w, https:\/\/tomatoday.fruitveb.hu\/wp-content\/uploads\/2026\/04\/Bom-Group-logo-PNG-1-768x276.png 768w, https:\/\/tomatoday.fruitveb.hu\/wp-content\/uploads\/2026\/04\/Bom-Group-logo-PNG-1-18x6.png 18w, https:\/\/tomatoday.fruitveb.hu\/wp-content\/uploads\/2026\/04\/Bom-Group-logo-PNG-1.png 1489w\" sizes=\"auto, (max-width: 300px) 100vw, 300px\" \/><\/figure>\n\n\n\n<p>Innovat\u00edv \u00fcvegh\u00e1zak: \u201eTud\u00e1sunkat, tapasztalatunkat \u00e9s h\u00e1l\u00f3zatunkat arra haszn\u00e1ljuk, hogy olyan fenntarthat\u00f3 kert\u00e9szeti projekteket fejlessz\u00fcnk, amelyek k\u00f6lts\u00e9ghat\u00e9konyak, \u00e9s megfelelnek a jelenlegi \u00e9s j\u00f6v\u0151beli ig\u00e9nyeknek.\u201d<\/p>\n\n\n\n<p>B\u0151vebb inform\u00e1ci\u00f3 a v\u00e1llalatr\u00f3l <a href=\"https:\/\/bomgroup.nl\/en\" target=\"_blank\" rel=\"noreferrer noopener\">ide kattintva<\/a> \u00e9rhet\u0151 el.<\/p>\n\n\n\n<figure class=\"wp-block-embed is-type-video is-provider-youtube wp-block-embed-youtube\"><div class=\"wp-block-embed__wrapper\">\n<iframe loading=\"lazy\" title=\"Bom Group Company movie\" width=\"500\" height=\"281\" src=\"https:\/\/www.youtube.com\/embed\/P3kgGbXE9Cc?start=1&#038;feature=oembed\" frameborder=\"0\" allow=\"accelerometer; autoplay; clipboard-write; encrypted-media; gyroscope; picture-in-picture; web-share\" referrerpolicy=\"strict-origin-when-cross-origin\" allowfullscreen><\/iframe>\n<\/div><\/figure>\n\n\n\n<div style=\"height:100px\" aria-hidden=\"true\" class=\"wp-block-spacer\"><\/div>\n\n\n\n<h2 class=\"wp-block-heading\">Kiemelt t\u00e1mogat\u00f3: Certhon Build B.V. (Hollandia)<\/h2>\n\n\n\n<figure class=\"wp-block-image size-medium\"><img loading=\"lazy\" decoding=\"async\" width=\"300\" height=\"122\" src=\"https:\/\/tomatoday.fruitveb.hu\/wp-content\/uploads\/2026\/04\/Certhon_Wordmark_Blacktext-1-300x122.png\" alt=\"\" class=\"wp-image-1128\" srcset=\"https:\/\/tomatoday.fruitveb.hu\/wp-content\/uploads\/2026\/04\/Certhon_Wordmark_Blacktext-1-300x122.png 300w, https:\/\/tomatoday.fruitveb.hu\/wp-content\/uploads\/2026\/04\/Certhon_Wordmark_Blacktext-1-768x313.png 768w, https:\/\/tomatoday.fruitveb.hu\/wp-content\/uploads\/2026\/04\/Certhon_Wordmark_Blacktext-1-18x7.png 18w, https:\/\/tomatoday.fruitveb.hu\/wp-content\/uploads\/2026\/04\/Certhon_Wordmark_Blacktext-1.png 800w\" sizes=\"auto, (max-width: 300px) 100vw, 300px\" \/><\/figure>\n\n\n\n<p>A Certhon kulcsrak\u00e9sz, nagym\u00e9ret\u0171, modern \u00fcvegh\u00e1zakat \u00e9s belt\u00e9ri termeszt\u0151 rendszereket (indoor farmokat) fejleszt \u00e9s \u00e9p\u00edt vil\u00e1gszerte. A t\u00f6bb mint 125 \u00e9v alatt innovat\u00edv szeml\u00e9lettel sikeresen integr\u00e1lt\u00e1k az \u00f6sszes rendszert \u00e9lelmiszerek, vir\u00e1gok \u00e9s sok m\u00e1s eg\u00e9sz \u00e9ven \u00e1t tart\u00f3, hat\u00e9kony \u00e9s optim\u00e1lis el\u0151\u00e1ll\u00edt\u00e1s\u00e1hoz, b\u00e1rhol a vil\u00e1gon.<\/p>\n\n\n\n<p>B\u0151vebb inform\u00e1ci\u00f3k a v\u00e1llalatr\u00f3l&nbsp;<strong><a href=\"https:\/\/certhon.com\/\" target=\"_blank\" rel=\"noreferrer noopener\">ide kattintva<\/a>&nbsp;<\/strong>\u00e9rhet\u0151k el.<\/p>\n\n\n\n<figure class=\"wp-block-embed is-type-video is-provider-youtube wp-block-embed-youtube\"><div class=\"wp-block-embed__wrapper\">\n<iframe loading=\"lazy\" title=\"Certhon corporate movie\" width=\"500\" height=\"281\" src=\"https:\/\/www.youtube.com\/embed\/sRrtdb1pLvQ?start=1&#038;feature=oembed\" frameborder=\"0\" allow=\"accelerometer; autoplay; clipboard-write; encrypted-media; gyroscope; picture-in-picture; web-share\" referrerpolicy=\"strict-origin-when-cross-origin\" allowfullscreen><\/iframe>\n<\/div><\/figure>\n\n\n\n<div style=\"height:100px\" aria-hidden=\"true\" class=\"wp-block-spacer\"><\/div>\n\n\n\n<h2 class=\"wp-block-heading\">Kiemelt t\u00e1mogat\u00f3: Global Glasshouse Kft.<\/h2>\n\n\n\n<p>30 \u00e9ve folyamatosan a magyar kert\u00e9szek szolg\u00e1lat\u00e1ban<\/p>\n\n\n\n<p>K\u00f6zel 30 \u00e9ve \u00e9p\u00edt\u00fcnk \u00fcvegh\u00e1zakat \u00e9s telep\u00edt\u00fcnk kert\u00e9szeti technol\u00f3gi\u00e1kat. Folyamatosan keress\u00fck a hazai k\u00f6rnyezethez, konkr\u00e9t ig\u00e9nyekhez igaz\u00edtott optim\u00e1lis m\u0171szaki megold\u00e1sokat. Seg\u00edt\u00fcnk megfogalmazni a fejleszt\u00e9si elk\u00e9pzel\u00e9seket, kidolgozni a m\u0171szaki megold\u00e1sokat, megtal\u00e1lni \u00e9s telep\u00edteni a besz\u00e1ll\u00edt\u00f3i, gy\u00e1rt\u00f3i piac ny\u00fajtotta lehet\u0151s\u00e9geket.<\/p>\n\n\n\n<p>Sz\u00e9lesk\u00f6r\u0171, megb\u00edzhat\u00f3, hossz\u00fat\u00e1v\u00fa kapcsolatokkal rendelkez\u00fcnk a holland \u00e9s egy\u00e9b nyugat eur\u00f3pai kert\u00e9szeti gy\u00e1rt\u00f3i piac elismert, meghat\u00e1roz\u00f3 szerepl\u0151ivel. Nagy hangs\u00falyt fektett\u00fcnk a szerviz, karbantart\u00e1s h\u00e1tt\u00e9r biztos\u00edt\u00e1s\u00e1ra.<\/p>\n\n\n\n<figure class=\"wp-block-image size-medium\"><img loading=\"lazy\" decoding=\"async\" width=\"300\" height=\"166\" src=\"https:\/\/tomatoday.fruitveb.hu\/wp-content\/uploads\/2026\/02\/GGH-logo-1150x635-1-300x166.jpeg\" alt=\"\" class=\"wp-image-251\" srcset=\"https:\/\/tomatoday.fruitveb.hu\/wp-content\/uploads\/2026\/02\/GGH-logo-1150x635-1-300x166.jpeg 300w, https:\/\/tomatoday.fruitveb.hu\/wp-content\/uploads\/2026\/02\/GGH-logo-1150x635-1-1024x565.jpeg 1024w, https:\/\/tomatoday.fruitveb.hu\/wp-content\/uploads\/2026\/02\/GGH-logo-1150x635-1-768x424.jpeg 768w, https:\/\/tomatoday.fruitveb.hu\/wp-content\/uploads\/2026\/02\/GGH-logo-1150x635-1-18x10.jpeg 18w, https:\/\/tomatoday.fruitveb.hu\/wp-content\/uploads\/2026\/02\/GGH-logo-1150x635-1.jpeg 1150w\" sizes=\"auto, (max-width: 300px) 100vw, 300px\" \/><\/figure>\n\n\n\n<figure class=\"wp-block-embed is-type-video is-provider-youtube wp-block-embed-youtube\" style=\"margin-top:0;margin-right:0;margin-bottom:0;margin-left:0\"><div class=\"wp-block-embed__wrapper\">\n<iframe loading=\"lazy\" title=\"\u00dcvegh\u00e1z\u00e9p\u00edt\u00e9s magas fokon a szentesi Global Glasshouse Kft.-nek k\u00f6sz\u00f6nhet\u0151en\" width=\"500\" height=\"281\" src=\"https:\/\/www.youtube.com\/embed\/tmZx5QAEbJ0?feature=oembed\" frameborder=\"0\" allow=\"accelerometer; autoplay; clipboard-write; encrypted-media; gyroscope; picture-in-picture; web-share\" referrerpolicy=\"strict-origin-when-cross-origin\" allowfullscreen><\/iframe>\n<\/div><\/figure>\n\n\n\n<div style=\"height:100px\" aria-hidden=\"true\" class=\"wp-block-spacer\"><\/div>\n\n\n\n<h2 class=\"wp-block-heading\">Kiemelt t\u00e1mogat\u00f3: Gremon Systems Zrt. (Blue Radix)<\/h2>\n\n\n\n<figure class=\"wp-block-image size-medium\"><img loading=\"lazy\" decoding=\"async\" width=\"300\" height=\"81\" src=\"https:\/\/tomatoday.fruitveb.hu\/wp-content\/uploads\/2026\/04\/gremon_logo-768x207-1-300x81.jpg\" alt=\"\" class=\"wp-image-1129\" style=\"object-fit:cover\" srcset=\"https:\/\/tomatoday.fruitveb.hu\/wp-content\/uploads\/2026\/04\/gremon_logo-768x207-1-300x81.jpg 300w, https:\/\/tomatoday.fruitveb.hu\/wp-content\/uploads\/2026\/04\/gremon_logo-768x207-1-18x5.jpg 18w, https:\/\/tomatoday.fruitveb.hu\/wp-content\/uploads\/2026\/04\/gremon_logo-768x207-1.jpg 768w\" sizes=\"auto, (max-width: 300px) 100vw, 300px\" \/><\/figure>\n\n\n\n<p>A Gremon Systems a vil\u00e1gpiac egyik vezet\u0151je az \u00fcvegh\u00e1zak n\u00f6v\u00e9nyfel\u00fcgyeleti rendszereinek (dedik\u00e1lt hardver \u00e9s adatelemz\u0151 szoftver) gy\u00e1rt\u00e1s\u00e1ban, amely a n\u00f6v\u00e9nys\u00falym\u00e9r\u00e9sen alapul\u00f3 n\u00f6v\u00e9nydiagnosztikai technol\u00f3gi\u00e1t alkalmazza azzal a c\u00e9llal, hogy seg\u00edtsen a gazd\u00e1knak eg\u00e9szs\u00e9gesebb gy\u00f6k\u00e9rzetet, jobb term\u00e9shozamot \u00e9s kevesebb v\u00edz- \u00e9s m\u0171tr\u00e1gya felhaszn\u00e1l\u00e1st el\u00e9rni.<\/p>\n\n\n\n<p>Technol\u00f3gi\u00e1nk seg\u00edt a termeszt\u0151knek meghat\u00e1rozni a n\u00f6v\u00e9nyek \u00e1llapot\u00e1t, p\u00e9ld\u00e1ul a v\u00edzfelv\u00e9tel m\u00e9rt\u00e9k\u00e9t, a p\u00e1rolg\u00e1st, a f\u00e9nyfelhaszn\u00e1l\u00e1s hat\u00e9konys\u00e1g\u00e1t. A technol\u00f3gia k\u00fcl\u00f6nb\u00f6z\u0151 kult\u00far\u00e1khoz \u00e1ll rendelkez\u00e9sre, mint p\u00e9ld\u00e1ul magasdr\u00f3tos, hagyom\u00e1nyos termeszt\u00e9s \u00e9s kont\u00e9neres termeszt\u00e9s (paradicsom, uborka, paprika, eper, cseresznye \u00e9s \u00e1fonya).<\/p>\n\n\n\n<p>A Trutina n\u00f6v\u00e9nyfel\u00fcgyeleti rendszerrel seg\u00edt\u00fcnk a gazd\u00e1knak el\u00e9rni:<\/p>\n\n\n\n<p>1.&nbsp;&nbsp;&nbsp;&nbsp;&nbsp;&nbsp;&nbsp;&nbsp;&nbsp;&nbsp;&nbsp; Ak\u00e1r 5-25%-kal kevesebb v\u00edzfelhaszn\u00e1l\u00e1st<\/p>\n\n\n\n<p>2.&nbsp;&nbsp;&nbsp;&nbsp;&nbsp;&nbsp;&nbsp;&nbsp;&nbsp;&nbsp; Ak\u00e1r 5-25%-kal kevesebb energiafelhaszn\u00e1l\u00e1st<\/p>\n\n\n\n<p>3.&nbsp;&nbsp;&nbsp;&nbsp;&nbsp;&nbsp;&nbsp;&nbsp;&nbsp;&nbsp; 5-30%-os hozamn\u00f6veked\u00e9st<\/p>\n\n\n\n<p>4.&nbsp;&nbsp;&nbsp;&nbsp;&nbsp;&nbsp;&nbsp;&nbsp;&nbsp;&nbsp; Ak\u00e1r 10-30%-os biomassza n\u00f6veked\u00e9st<\/p>\n\n\n\n<p>Tov\u00e1bbi inform\u00e1ci\u00f3k:&nbsp;<a href=\"http:\/\/www.gremonsystems.com\/\">www.gremonsystems.com<\/a><\/p>\n\n\n\n<figure class=\"wp-block-embed is-type-video is-provider-youtube wp-block-embed-youtube\"><div class=\"wp-block-embed__wrapper\">\n<iframe loading=\"lazy\" title=\"Trutina by Gremon Systems - ENGLISH\" width=\"500\" height=\"281\" src=\"https:\/\/www.youtube.com\/embed\/a0V-VZS3kxY?feature=oembed\" frameborder=\"0\" allow=\"accelerometer; autoplay; clipboard-write; encrypted-media; gyroscope; picture-in-picture; web-share\" referrerpolicy=\"strict-origin-when-cross-origin\" allowfullscreen><\/iframe>\n<\/div><\/figure>\n\n\n\n<div style=\"height:100px\" aria-hidden=\"true\" class=\"wp-block-spacer\"><\/div>\n\n\n\n<h2 class=\"wp-block-heading\">Kiemelt t\u00e1mogat\u00f3: SANFOG s.r.o.<\/h2>\n\n\n\n<figure class=\"wp-block-image size-medium\"><img loading=\"lazy\" decoding=\"async\" width=\"300\" height=\"137\" src=\"https:\/\/tomatoday.fruitveb.hu\/wp-content\/uploads\/2026\/04\/Sanfog-logo-300x137.png\" alt=\"\" class=\"wp-image-1130\" srcset=\"https:\/\/tomatoday.fruitveb.hu\/wp-content\/uploads\/2026\/04\/Sanfog-logo-300x137.png 300w, https:\/\/tomatoday.fruitveb.hu\/wp-content\/uploads\/2026\/04\/Sanfog-logo-768x351.png 768w, https:\/\/tomatoday.fruitveb.hu\/wp-content\/uploads\/2026\/04\/Sanfog-logo-18x8.png 18w, https:\/\/tomatoday.fruitveb.hu\/wp-content\/uploads\/2026\/04\/Sanfog-logo.png 999w\" sizes=\"auto, (max-width: 300px) 100vw, 300px\" \/><\/figure>\n\n\n\n<p>T\u00f6bb mint 15 \u00e9ves m\u00e9rn\u00f6ki \u00e9s piaci tapasztalattal a h\u00e1tunk m\u00f6g\u00f6tt pontosan tudjuk, hogyan kell stabil, hozamn\u00f6vel\u0151 k\u00f6rnyezetet teremteni. A p\u00e1r\u00e1s\u00edt\u00f3 \u00e9s adiabatikus h\u0171t\u0151rendszerek ter\u00e9n el\u00e9rt szlov\u00e1kiai piacvezet\u0151 szerep\u00fcnk, valamint az egyed\u00fcl\u00e1ll\u00f3an magas sz\u00e1m\u00fa sikeres telep\u00edt\u00e9s\u00fcnk \u00f6nmag\u00e1\u00e9rt besz\u00e9l. Szak\u00e9rtelm\u00fcnket \u00e9s technol\u00f3gi\u00e1nk kompromisszummentes min\u0151s\u00e9g\u00e9t hazai termeszt\u0151kn\u00e9l el\u00e9rt kiv\u00e1l\u00f3 referenci\u00e1ink igazolj\u00e1k.<br>Mi nem \u00edg\u00e9rget\u00fcnk: bev\u00e1lt, megb\u00edzhat\u00f3 rendszereket \u00e9p\u00edt\u00fcnk, amelyekre a legkritikusabb id\u0151szakokban is biztosan t\u00e1maszkodhat.<\/p>\n\n\n\n<p>B\u0151vebb inform\u00e1ci\u00f3 a v\u00e1llalatr\u00f3l&nbsp;<a href=\"https:\/\/sanfog.com\/o-nas\/\">ide kattintva<\/a>&nbsp;\u00e9rhet\u0151 el.<\/p>\n\n\n\n<figure class=\"wp-block-embed is-type-video is-provider-youtube wp-block-embed-youtube\"><div class=\"wp-block-embed__wrapper\">\n<iframe loading=\"lazy\" title=\"SANFOG s.r.o.: \u00cdgy m\u0171k\u00f6dik a nagy nyom\u00e1s\u00fa p\u00e1r\u00e1s\u00edt\u00e1s az \u00fcvegh\u00e1zban \u2013 telep\u00edt\u00e9s, \u00fczem, referenci\u00e1k\" width=\"500\" height=\"281\" src=\"https:\/\/www.youtube.com\/embed\/V7dYOkdh2lU?feature=oembed\" frameborder=\"0\" allow=\"accelerometer; autoplay; clipboard-write; encrypted-media; gyroscope; picture-in-picture; web-share\" referrerpolicy=\"strict-origin-when-cross-origin\" allowfullscreen><\/iframe>\n<\/div><\/figure>\n\n\n\n<div style=\"height:100px\" aria-hidden=\"true\" class=\"wp-block-spacer\"><\/div>\n\n\n\n<h2 class=\"wp-block-heading\"><strong>Sponsors<\/strong><\/h2>\n\n\n\n<h2 class=\"wp-block-heading\">T\u00e1mogat\u00f3: Quadrawool s.r.o.<\/h2>\n\n\n\n<figure class=\"wp-block-image size-full\"><img loading=\"lazy\" decoding=\"async\" width=\"600\" height=\"258\" src=\"https:\/\/tomatoday.fruitveb.hu\/wp-content\/uploads\/2026\/04\/logo-transparent.png\" alt=\"\" class=\"wp-image-1132\" srcset=\"https:\/\/tomatoday.fruitveb.hu\/wp-content\/uploads\/2026\/04\/logo-transparent.png 600w, https:\/\/tomatoday.fruitveb.hu\/wp-content\/uploads\/2026\/04\/logo-transparent-300x129.png 300w, https:\/\/tomatoday.fruitveb.hu\/wp-content\/uploads\/2026\/04\/logo-transparent-18x8.png 18w\" sizes=\"auto, (max-width: 600px) 100vw, 600px\" \/><\/figure>\n\n\n\n<p>A Quadrawooln\u00e1l k\u0151zetgyapotb\u00f3l k\u00e9sz\u00fclt kert\u00e9szeti termeszt\u0151k\u00f6zegeket \u00e9s komplett \u00fcvegh\u00e1zi technol\u00f3giai rendszereket gy\u00e1rtunk. Term\u00e9kpalett\u00e1nk a kock\u00e1kt\u00f3l \u00e9s dugv\u00e1nyoz\u00f3 kock\u00e1kt\u00f3l a termeszt\u0151matracokig terjed, emellett f\u0171t\u00e9si, \u00f6nt\u00f6z\u00e9si, t\u00e1poldatoz\u00e1si \u00e9s kl\u00edmaszab\u00e1lyoz\u00e1si megold\u00e1sokat is k\u00edn\u00e1lunk. K\u00f6zpontunk L\u00e9va v\u00e1ros\u00e1ban tal\u00e1lhat\u00f3, \u00e9s professzion\u00e1lis kert\u00e9szeti \u00fczemek sz\u00e1m\u00e1ra ny\u00fajtunk komplex technol\u00f3giai t\u00e1mogat\u00e1st.<\/p>\n\n\n\n<p>B\u0151vebb inform\u00e1ci\u00f3 a v\u00e1llalatr\u00f3l <a href=\"https:\/\/quadrawool.com\/\">ide kattintva<\/a> \u00e9rhet\u0151 el.<\/p>\n\n\n\n<figure class=\"wp-block-embed is-type-video is-provider-youtube wp-block-embed-youtube\"><div class=\"wp-block-embed__wrapper\">\n<iframe loading=\"lazy\" title=\"Cel\u00e1 Stavba sklen\u00edka | Sklen\u00edk Optima Lux | Z\u00e1klady , Kon\u0161trukcia , Polykarbon\u00e1t\" width=\"500\" height=\"281\" src=\"https:\/\/www.youtube.com\/embed\/LASS5WKLdjo?feature=oembed\" frameborder=\"0\" allow=\"accelerometer; autoplay; clipboard-write; encrypted-media; gyroscope; picture-in-picture; web-share\" referrerpolicy=\"strict-origin-when-cross-origin\" allowfullscreen><\/iframe>\n<\/div><\/figure>\n\n\n\n<div style=\"height:100px\" aria-hidden=\"true\" class=\"wp-block-spacer\"><\/div>\n\n\n\n<h2 class=\"wp-block-heading\">T\u00e1mogat\u00f3: Steenks Service B.V.<\/h2>\n\n\n\n<figure class=\"wp-block-image size-medium\"><img loading=\"lazy\" decoding=\"async\" width=\"300\" height=\"182\" src=\"https:\/\/tomatoday.fruitveb.hu\/wp-content\/uploads\/2026\/04\/Steenks-logo-300x182.png\" alt=\"\" class=\"wp-image-1133\" srcset=\"https:\/\/tomatoday.fruitveb.hu\/wp-content\/uploads\/2026\/04\/Steenks-logo-300x182.png 300w, https:\/\/tomatoday.fruitveb.hu\/wp-content\/uploads\/2026\/04\/Steenks-logo-1024x620.png 1024w, https:\/\/tomatoday.fruitveb.hu\/wp-content\/uploads\/2026\/04\/Steenks-logo-768x465.png 768w, https:\/\/tomatoday.fruitveb.hu\/wp-content\/uploads\/2026\/04\/Steenks-logo-18x12.png 18w, https:\/\/tomatoday.fruitveb.hu\/wp-content\/uploads\/2026\/04\/Steenks-logo.png 1390w\" sizes=\"auto, (max-width: 300px) 100vw, 300px\" \/><\/figure>\n\n\n\n<p>A Steenks Service \u00fcvegh\u00e1zi \u00e9s kert\u00e9szeti g\u00e9pekre specializ\u00e1l\u00f3dott v\u00e1llalat. \u00c9rt\u00e9kes\u00edt\u00e9ssel, b\u00e9rbead\u00e1ssal, jav\u00edt\u00e1ssal, karbantart\u00e1ssal \u00e9s telep\u00edt\u00e9ssel foglalkozunk. A g\u00e9peket vil\u00e1gszerte \u00e9rt\u00e9kes\u00edtj\u00fck, \u00e9s a kisz\u00e1ll\u00edt\u00e1st is biztos\u00edtjuk. F\u0151 term\u00e9keink: hidraulikus cs\u0151p\u00e1ly\u00e1s kocsik, betakar\u00edt\u00f3kocsik, permetez\u0151robotok, szivatty\u00faegys\u00e9gek, csomagol\u00f3g\u00e9pek, elektromos traktorok, k\u00f6t\u00f6z\u0151g\u00e9pek \u00e9s tiszt\u00edt\u00f3g\u00e9pek. C\u00e9g\u00fcnk sz\u00e9khelye a hollandiai De Lier telep\u00fcl\u00e9sen tal\u00e1lhat\u00f3.<\/p>\n\n\n\n<p>B\u0151vebb inform\u00e1ci\u00f3 a v\u00e1llalatr\u00f3l <a href=\"https:\/\/www.steenks-service.com\/\">ide kattintva<\/a> \u00e9rhet\u0151 el.<\/p>\n\n\n\n<figure class=\"wp-block-embed is-type-video is-provider-youtube wp-block-embed-youtube\"><div class=\"wp-block-embed__wrapper\">\n<iframe loading=\"lazy\" title=\"Brand video Steenks Service\" width=\"500\" height=\"281\" src=\"https:\/\/www.youtube.com\/embed\/kM-KiuJJg1U?feature=oembed\" frameborder=\"0\" allow=\"accelerometer; autoplay; clipboard-write; encrypted-media; gyroscope; picture-in-picture; web-share\" referrerpolicy=\"strict-origin-when-cross-origin\" allowfullscreen><\/iframe>\n<\/div><\/figure>\n\n\n\n<div style=\"height:100px\" aria-hidden=\"true\" class=\"wp-block-spacer\"><\/div>\n\n\n\n<h2 class=\"wp-block-heading\">T\u00e1mogat\u00f3: Svensson BV (Sv\u00e9dorsz\u00e1g)<\/h2>\n\n\n\n<figure class=\"wp-block-image size-medium\"><img loading=\"lazy\" decoding=\"async\" width=\"300\" height=\"33\" src=\"https:\/\/tomatoday.fruitveb.hu\/wp-content\/uploads\/2026\/04\/Svensson-LOGO_HIGH-768x84-1-300x33.jpg\" alt=\"\" class=\"wp-image-1135\" srcset=\"https:\/\/tomatoday.fruitveb.hu\/wp-content\/uploads\/2026\/04\/Svensson-LOGO_HIGH-768x84-1-300x33.jpg 300w, https:\/\/tomatoday.fruitveb.hu\/wp-content\/uploads\/2026\/04\/Svensson-LOGO_HIGH-768x84-1-18x2.jpg 18w, https:\/\/tomatoday.fruitveb.hu\/wp-content\/uploads\/2026\/04\/Svensson-LOGO_HIGH-768x84-1.jpg 768w\" sizes=\"auto, (max-width: 300px) 100vw, 300px\" \/><\/figure>\n\n\n\n<p>138 \u00e9vnyi innov\u00e1ci\u00f3<\/p>\n\n\n\n<p>A min\u0151s\u00e9gi text\u00edli\u00e1k ir\u00e1nti szenved\u00e9llyel rendelkez\u0151 Svensson m\u00e1rka egy 1887-ben kezd\u0151d\u00f6tt \u00f6r\u00f6ks\u00e9gre \u00e9p\u00fcl. N\u00e9gy gener\u00e1ci\u00f3 ut\u00e1n csal\u00e1di v\u00e1llalkoz\u00e1sk\u00e9nt tov\u00e1bbra is kiemelked\u0151 formatervez\u00e9s\u0171 \u00e9s funkci\u00f3j\u00fa text\u00edli\u00e1kat fejleszt\u00fcnk \u00e9s gy\u00e1rtunk. Egyed\u00fcl\u00e1ll\u00f3 tapasztalatunkat \u00e9s know-how-unkat most m\u00e9g ink\u00e1bb, mint valaha, az emberek \u00e9s a n\u00f6v\u00e9nyek term\u00e9szetes \u00e9l\u0151hely\u00e9nek jav\u00edt\u00e1s\u00e1ra haszn\u00e1ljuk. Ez tesz minket azz\u00e1, akik vagyunk \u2013 \u00e9s rendk\u00edv\u00fcl b\u00fcszk\u00e9v\u00e9.<\/p>\n\n\n\n<p>A szerz\u0151d\u00e9ses \u00e9s kert\u00e9szeti piacokon szerzett tapasztalatok alapj\u00e1n tervezett textil kl\u00edmamegold\u00e1sokra szakosodtunk, amelyek jobb k\u00f6r\u00fclm\u00e9nyeket biztos\u00edtanak a n\u00f6v\u00e9nyeknek a n\u00f6veked\u00e9shez, az embereknek pedig jobb helyeket a munk\u00e1hoz, az utaz\u00e1shoz, a tal\u00e1lkoz\u00e1sokhoz, a pihen\u00e9shez \u00e9s a tanul\u00e1shoz. A tud\u00e1s megoszt\u00e1s\u00e1val \u00e9s az \u00fcgyfeleinkhez val\u00f3 k\u00f6zels\u00e9g\u00fcnkkel olyan \u00fczleti partnerek vagyunk, akikben meg lehet b\u00edzni.<br>A Svensson \u00fatt\u00f6r\u0151 \u00e9s vil\u00e1gels\u0151 a textil alap\u00fa megold\u00e1sokon kereszt\u00fcl t\u00f6rt\u00e9n\u0151 kl\u00edmavez\u00e9rl\u00e9s \u00e9s energiahat\u00e9konys\u00e1g ter\u00e9n. A v\u00e1llalkoz\u00e1s az 1970-es \u00e9vekben indult azzal az elk\u00e9pzel\u00e9ssel, hogy \u00e1talak\u00edtsa \u00e9s jav\u00edtsa a z\u00f6lds\u00e9gek \u00e9s vir\u00e1gok professzion\u00e1lis \u00fcvegh\u00e1zi termeszt\u00e9s\u00e9nek felt\u00e9teleit. A Svensson az\u00f3ta sz\u00e1mos innovat\u00edv megold\u00e1ssal forradalmas\u00edtotta az ipar\u00e1gat. Napjainkban funkcion\u00e1lis kl\u00edmasz\u0151nyegeink az ig\u00e9nyeknek megfelel\u0151en szab\u00e1lyozz\u00e1k a p\u00e1ratartalmat, a h\u0151m\u00e9rs\u00e9kletet \u00e9s az UV-sug\u00e1rz\u00e1st, kiv\u00e1l\u00f3 felt\u00e9teleket teremtve a jobb \u00e9s nagyobb termel\u00e9shez az \u00fcvegh\u00e1zakban szerte a vil\u00e1gon.<\/p>\n\n\n\n<p>B\u0151vebb inform\u00e1ci\u00f3 a v\u00e1llalatr\u00f3l&nbsp;<a href=\"https:\/\/www.ludvigsvensson.com\/\">ide kattintva<\/a>&nbsp;\u00e9rhet\u0151 el.<\/p>\n\n\n\n<figure class=\"wp-block-embed is-type-video is-provider-youtube wp-block-embed-youtube\"><div class=\"wp-block-embed__wrapper\">\n<iframe loading=\"lazy\" title=\"Inside Svensson \u2013 Swedish Climate Screens &amp; Textile Innovation for Greenhouses and Interiors\" width=\"500\" height=\"281\" src=\"https:\/\/www.youtube.com\/embed\/AEn86e_gatE?start=1&#038;feature=oembed\" frameborder=\"0\" allow=\"accelerometer; autoplay; clipboard-write; encrypted-media; gyroscope; picture-in-picture; web-share\" referrerpolicy=\"strict-origin-when-cross-origin\" allowfullscreen><\/iframe>\n<\/div><\/figure>\n\n\n\n<div style=\"height:100px\" aria-hidden=\"true\" class=\"wp-block-spacer\"><\/div>\n\n\n\n<h2 class=\"wp-block-heading\">T\u00e1mogat\u00f3: Van der Waay B.V. (Hollandia)<\/h2>\n\n\n\n<figure class=\"wp-block-image size-medium\"><img loading=\"lazy\" decoding=\"async\" width=\"300\" height=\"134\" src=\"https:\/\/tomatoday.fruitveb.hu\/wp-content\/uploads\/2026\/04\/Van-der-Waay-logo-JPG-768x343-2-300x134.jpg\" alt=\"\" class=\"wp-image-1138\" srcset=\"https:\/\/tomatoday.fruitveb.hu\/wp-content\/uploads\/2026\/04\/Van-der-Waay-logo-JPG-768x343-2-300x134.jpg 300w, https:\/\/tomatoday.fruitveb.hu\/wp-content\/uploads\/2026\/04\/Van-der-Waay-logo-JPG-768x343-2-18x8.jpg 18w, https:\/\/tomatoday.fruitveb.hu\/wp-content\/uploads\/2026\/04\/Van-der-Waay-logo-JPG-768x343-2.jpg 768w\" sizes=\"auto, (max-width: 300px) 100vw, 300px\" \/><\/figure>\n\n\n\n<p id=\"block-2c3f52f7-e3ff-4297-b491-207c56c86c51\">Ha \u00fcvegh\u00e1za tetej\u00e9nek tiszt\u00edt\u00e1s\u00e1ra, jav\u00edt\u00e1s\u00e1ra vagy ideiglenes bevonattal val\u00f3 ell\u00e1t\u00e1s\u00e1ra keres megold\u00e1st, akkor az 1989-ben alap\u00edtott Van der Waay-n\u00e1l a legjobb helyen j\u00e1r. Hollandiai gy\u00e1runkb\u00f3l b\u00fcszk\u00e9n export\u00e1ljuk az \u00fcvegh\u00e1zak tet\u0151j\u00e9nek k\u00fcl\u00f6nb\u00f6z\u0151 modelljeit, bevonatol\u00f3 g\u00e9peket \u00e9s jav\u00edt\u00f3berendez\u00e9seket a kert\u00e9szeti v\u00e1llalatoknak a vil\u00e1g minden t\u00e1j\u00e1ra.<\/p>\n\n\n\n<p>B\u0151vebb inform\u00e1ci\u00f3 a v\u00e1llalatr\u00f3l&nbsp;<a href=\"https:\/\/vdwaay.nl\/\">ide kattintva<\/a>&nbsp;\u00e9rhet\u0151 el.<\/p>\n\n\n\n<figure class=\"wp-block-embed is-type-video is-provider-youtube wp-block-embed-youtube\"><div class=\"wp-block-embed__wrapper\">\n<iframe loading=\"lazy\" title=\"Van der Waay Corporate Video 4K Quality EN subtitled\" width=\"500\" height=\"281\" src=\"https:\/\/www.youtube.com\/embed\/F-t6_Lo0nYs?start=1&#038;feature=oembed\" frameborder=\"0\" allow=\"accelerometer; autoplay; clipboard-write; encrypted-media; gyroscope; picture-in-picture; web-share\" referrerpolicy=\"strict-origin-when-cross-origin\" allowfullscreen><\/iframe>\n<\/div><\/figure>\n\n\n\n<div style=\"height:100px\" aria-hidden=\"true\" class=\"wp-block-spacer\"><\/div>\n\n\n\n<h2 class=\"wp-block-heading\">T\u00e1mogat\u00f3: Ditusz Kft. &#8211; MJ TECH<\/h2>\n\n\n\n<figure class=\"wp-block-image size-medium\"><img loading=\"lazy\" decoding=\"async\" width=\"300\" height=\"62\" src=\"https:\/\/tomatoday.fruitveb.hu\/wp-content\/uploads\/2026\/04\/Ditusz-MJ-TECH-1-300x62.png\" alt=\"\" class=\"wp-image-1146\" srcset=\"https:\/\/tomatoday.fruitveb.hu\/wp-content\/uploads\/2026\/04\/Ditusz-MJ-TECH-1-300x62.png 300w, https:\/\/tomatoday.fruitveb.hu\/wp-content\/uploads\/2026\/04\/Ditusz-MJ-TECH-1-1024x211.png 1024w, https:\/\/tomatoday.fruitveb.hu\/wp-content\/uploads\/2026\/04\/Ditusz-MJ-TECH-1-768x158.png 768w, https:\/\/tomatoday.fruitveb.hu\/wp-content\/uploads\/2026\/04\/Ditusz-MJ-TECH-1-1536x316.png 1536w, https:\/\/tomatoday.fruitveb.hu\/wp-content\/uploads\/2026\/04\/Ditusz-MJ-TECH-1-18x4.png 18w, https:\/\/tomatoday.fruitveb.hu\/wp-content\/uploads\/2026\/04\/Ditusz-MJ-TECH-1.png 1764w\" sizes=\"auto, (max-width: 300px) 100vw, 300px\" \/><\/figure>\n\n\n\n<p>A Ditusz Kft.-n\u00e9l 2006 \u00f3ta olyan p\u00e1r\u00e1s\u00edt\u00e1si, p\u00e1rah\u0171t\u00e9si \u00e9s kl\u00edmatuning megold\u00e1sokat fejleszt\u00fcnk, amelyek hat\u00e9konyan \u00e9s energiatakar\u00e9kosan jav\u00edtj\u00e1k k\u00fcl\u00f6nb\u00f6z\u0151 ipari, mez\u0151gazdas\u00e1gi \u00e9s kereskedelmi k\u00f6rnyezetek mikrokl\u00edm\u00e1j\u00e1t. Rendszereinket mindig az adott alkalmaz\u00e1si ter\u00fclet egyedi ig\u00e9nyeihez igaz\u00edtjuk, nagyfok\u00fa automatiz\u00e1lts\u00e1ggal \u00e9s megb\u00edzhat\u00f3 m\u0171k\u00f6d\u00e9ssel. Budapesti k\u00f6zpontunkb\u00f3l \u00e9s gy\u0151ri szerviz\u00fczem\u00fcnkb\u0151l t\u00e1mogatjuk \u00fcgyfeleinket a tervez\u00e9st\u0151l a kivitelez\u00e9sen \u00e1t a hossz\u00fa t\u00e1v\u00fa \u00fczemeltet\u00e9sig.<\/p>\n\n\n\n<p>B\u0151vebb inform\u00e1ci\u00f3 a v\u00e1llalatr\u00f3l&nbsp;<a href=\"https:\/\/www.ditusz.hu\/\">ide kattintva<\/a>&nbsp;\u00e9rhet\u0151 el.<\/p>\n\n\n\n<figure class=\"wp-block-embed is-type-video is-provider-youtube wp-block-embed-youtube\"><div class=\"wp-block-embed__wrapper\">\n<iframe loading=\"lazy\" title=\"Mez\u0151gazdas\u00e1gi p\u00e1r\u00e1s\u00edt\u00e1s, p\u00e1rah\u0171t\u00e9s\" width=\"500\" height=\"281\" src=\"https:\/\/www.youtube.com\/embed\/ZL6u9J5jNkU?feature=oembed\" frameborder=\"0\" allow=\"accelerometer; autoplay; clipboard-write; encrypted-media; gyroscope; picture-in-picture; web-share\" referrerpolicy=\"strict-origin-when-cross-origin\" allowfullscreen><\/iframe>\n<\/div><\/figure>","protected":false},"excerpt":{"rendered":"<p>Kiemelt t\u00e1mogat\u00f3ink: Kiemelt t\u00e1mogat\u00f3: Bom Greenhouses B.V. (Hollandia) Innovat\u00edv \u00fcvegh\u00e1zak: \u201eTud\u00e1sunkat, tapasztalatunkat \u00e9s h\u00e1l\u00f3zatunkat arra haszn\u00e1ljuk, hogy olyan fenntarthat\u00f3 kert\u00e9szeti projekteket fejlessz\u00fcnk, amelyek k\u00f6lts\u00e9ghat\u00e9konyak, \u00e9s megfelelnek a jelenlegi \u00e9s j\u00f6v\u0151beli ig\u00e9nyeknek.\u201d B\u0151vebb inform\u00e1ci\u00f3 a v\u00e1llalatr\u00f3l ide kattintva \u00e9rhet\u0151 el. Kiemelt t\u00e1mogat\u00f3: Certhon Build B.V. (Hollandia) A Certhon kulcsrak\u00e9sz, nagym\u00e9ret\u0171, modern \u00fcvegh\u00e1zakat \u00e9s belt\u00e9ri termeszt\u0151 rendszereket [&hellip;]<\/p>\n","protected":false},"author":1,"featured_media":0,"parent":0,"menu_order":0,"comment_status":"closed","ping_status":"closed","template":"","meta":{"footnotes":""},"class_list":["post-31","page","type-page","status-publish","hentry"],"_links":{"self":[{"href":"https:\/\/tomatoday.fruitveb.hu\/en\/wp-json\/wp\/v2\/pages\/31","targetHints":{"allow":["GET"]}}],"collection":[{"href":"https:\/\/tomatoday.fruitveb.hu\/en\/wp-json\/wp\/v2\/pages"}],"about":[{"href":"https:\/\/tomatoday.fruitveb.hu\/en\/wp-json\/wp\/v2\/types\/page"}],"author":[{"embeddable":true,"href":"https:\/\/tomatoday.fruitveb.hu\/en\/wp-json\/wp\/v2\/users\/1"}],"replies":[{"embeddable":true,"href":"https:\/\/tomatoday.fruitveb.hu\/en\/wp-json\/wp\/v2\/comments?post=31"}],"version-history":[{"count":14,"href":"https:\/\/tomatoday.fruitveb.hu\/en\/wp-json\/wp\/v2\/pages\/31\/revisions"}],"predecessor-version":[{"id":1147,"href":"https:\/\/tomatoday.fruitveb.hu\/en\/wp-json\/wp\/v2\/pages\/31\/revisions\/1147"}],"wp:attachment":[{"href":"https:\/\/tomatoday.fruitveb.hu\/en\/wp-json\/wp\/v2\/media?parent=31"}],"curies":[{"name":"wp","href":"https:\/\/api.w.org\/{rel}","templated":true}]}}