{"id":269,"date":"2026-02-28T10:42:36","date_gmt":"2026-02-28T10:42:36","guid":{"rendered":"https:\/\/tomatoday.fruitveb.hu\/?page_id=269"},"modified":"2026-04-23T20:58:11","modified_gmt":"2026-04-23T20:58:11","slug":"program","status":"publish","type":"page","link":"https:\/\/tomatoday.fruitveb.hu\/en\/program\/","title":{"rendered":"Programme"},"content":{"rendered":"<div style=\"height:var(--wp--preset--spacing--30)\" aria-hidden=\"true\" class=\"wp-block-spacer\"><\/div>\n\n\n\n<div class=\"wp-block-columns has-custom-s-rga-color has-custom-green-background-color has-text-color has-background has-link-color wp-elements-3c25cb5076f279ef5576cda62505b962 is-layout-flex wp-container-core-columns-is-layout-da753e1f wp-block-columns-is-layout-flex\" style=\"margin-top:0;margin-bottom:var(--wp--preset--spacing--20);padding-top:var(--wp--preset--spacing--20);padding-right:var(--wp--preset--spacing--20);padding-bottom:var(--wp--preset--spacing--20);padding-left:var(--wp--preset--spacing--20)\">\n<div class=\"wp-block-column is-layout-flow wp-block-column-is-layout-flow\" style=\"border-top-style:none;border-top-width:0px;border-right-color:var(--wp--preset--color--custom-green);border-right-style:none;border-right-width:0px;border-bottom-style:none;border-bottom-width:0px;border-left-style:none;border-left-width:0px;padding-top:0;padding-right:0;padding-bottom:0;padding-left:0;font-style:normal;font-weight:700;flex-basis:15%\">\n<p>8:00 &#8211; 8:45<\/p>\n<\/div>\n\n\n\n<div class=\"wp-block-column is-layout-flow wp-block-column-is-layout-flow\" style=\"flex-basis:70%\">\n<p style=\"font-style:normal;font-weight:700\"><strong>Registration<\/strong><\/p>\n<\/div>\n\n\n\n<div class=\"wp-block-column is-layout-flow wp-block-column-is-layout-flow\" style=\"flex-basis:15%\"><\/div>\n<\/div>\n\n\n\n<div class=\"wp-block-columns is-layout-flex wp-container-core-columns-is-layout-da753e1f wp-block-columns-is-layout-flex\" style=\"margin-top:0;margin-bottom:var(--wp--preset--spacing--20);padding-top:var(--wp--preset--spacing--20);padding-right:var(--wp--preset--spacing--20);padding-bottom:var(--wp--preset--spacing--20);padding-left:var(--wp--preset--spacing--20)\">\n<div class=\"wp-block-column is-layout-flow wp-block-column-is-layout-flow\" style=\"border-top-style:none;border-top-width:0px;border-right-color:var(--wp--preset--color--custom-green);border-right-style:none;border-right-width:0px;border-bottom-style:none;border-bottom-width:0px;border-left-style:none;border-left-width:0px;padding-top:0;padding-right:0;padding-bottom:0;padding-left:0;font-style:normal;font-weight:700;flex-basis:15%\">\n<p>8:45 &#8211; 8:50<\/p>\n<\/div>\n\n\n\n<div class=\"wp-block-column is-layout-flow wp-block-column-is-layout-flow\" style=\"flex-basis:70%\">\n<p style=\"font-style:normal;font-weight:700\"><strong>Megnyit\u00f3<\/strong><\/p>\n\n\n\n<p>Gubacsi Zolt\u00e1n FruitVeB aleln\u00f6k<\/p>\n<\/div>\n\n\n\n<div class=\"wp-block-column is-layout-flow wp-block-column-is-layout-flow\" style=\"flex-basis:15%\">\n<figure class=\"wp-block-image alignright size-large is-resized has-custom-border is-style-rounded\"><img loading=\"lazy\" decoding=\"async\" width=\"1024\" height=\"708\" src=\"https:\/\/tomatoday.fruitveb.hu\/wp-content\/uploads\/2026\/02\/Tomato-04-1024x708.jpg\" alt=\"\" class=\"has-border-color has-custom-green-border-color wp-image-230\" style=\"border-width:3px;border-top-left-radius:100px;border-top-right-radius:100px;border-bottom-left-radius:100px;border-bottom-right-radius:100px;aspect-ratio:1;object-fit:cover;width:100px\" srcset=\"https:\/\/tomatoday.fruitveb.hu\/wp-content\/uploads\/2026\/02\/Tomato-04-1024x708.jpg 1024w, https:\/\/tomatoday.fruitveb.hu\/wp-content\/uploads\/2026\/02\/Tomato-04-300x207.jpg 300w, https:\/\/tomatoday.fruitveb.hu\/wp-content\/uploads\/2026\/02\/Tomato-04-768x531.jpg 768w, https:\/\/tomatoday.fruitveb.hu\/wp-content\/uploads\/2026\/02\/Tomato-04-18x12.jpg 18w, https:\/\/tomatoday.fruitveb.hu\/wp-content\/uploads\/2026\/02\/Tomato-04.jpg 1280w\" sizes=\"auto, (max-width: 1024px) 100vw, 1024px\" \/><\/figure>\n<\/div>\n<\/div>\n\n\n\n<div class=\"wp-block-columns is-layout-flex wp-container-core-columns-is-layout-da753e1f wp-block-columns-is-layout-flex\" style=\"margin-top:0;margin-bottom:var(--wp--preset--spacing--20);padding-top:var(--wp--preset--spacing--20);padding-right:var(--wp--preset--spacing--20);padding-bottom:var(--wp--preset--spacing--20);padding-left:var(--wp--preset--spacing--20)\">\n<div class=\"wp-block-column is-layout-flow wp-block-column-is-layout-flow\" style=\"border-top-style:none;border-top-width:0px;border-right-color:var(--wp--preset--color--custom-green);border-right-style:none;border-right-width:0px;border-bottom-style:none;border-bottom-width:0px;border-left-style:none;border-left-width:0px;padding-top:0;padding-right:0;padding-bottom:0;padding-left:0;font-style:normal;font-weight:700;flex-basis:15%\">\n<p>8:50 &#8211; 9:00<\/p>\n<\/div>\n\n\n\n<div class=\"wp-block-column is-layout-flow wp-block-column-is-layout-flow\" style=\"flex-basis:70%\">\n<p style=\"font-style:normal;font-weight:700\"><strong>K\u00f6sz\u00f6nt\u0151<\/strong><\/p>\n\n\n\n<p>Dr. Ap\u00e1ti Ferenc FruitVeB eln\u00f6k<\/p>\n<\/div>\n\n\n\n<div class=\"wp-block-column is-layout-flow wp-block-column-is-layout-flow\" style=\"flex-basis:15%\">\n<figure class=\"wp-block-image alignright size-large is-resized has-custom-border is-style-rounded\"><img loading=\"lazy\" decoding=\"async\" width=\"1024\" height=\"683\" src=\"https:\/\/tomatoday.fruitveb.hu\/wp-content\/uploads\/2026\/02\/Cucumber-06-1024x683.jpg\" alt=\"\" class=\"has-border-color has-custom-green-border-color wp-image-182\" style=\"border-width:3px;aspect-ratio:1;object-fit:cover;width:100px\" srcset=\"https:\/\/tomatoday.fruitveb.hu\/wp-content\/uploads\/2026\/02\/Cucumber-06-1024x683.jpg 1024w, https:\/\/tomatoday.fruitveb.hu\/wp-content\/uploads\/2026\/02\/Cucumber-06-300x200.jpg 300w, https:\/\/tomatoday.fruitveb.hu\/wp-content\/uploads\/2026\/02\/Cucumber-06-768x512.jpg 768w, https:\/\/tomatoday.fruitveb.hu\/wp-content\/uploads\/2026\/02\/Cucumber-06-18x12.jpg 18w, https:\/\/tomatoday.fruitveb.hu\/wp-content\/uploads\/2026\/02\/Cucumber-06.jpg 1280w\" sizes=\"auto, (max-width: 1024px) 100vw, 1024px\" \/><\/figure>\n<\/div>\n<\/div>\n\n\n\n<div class=\"wp-block-columns has-custom-green-color has-custom-s-rga-background-color has-text-color has-background has-link-color wp-elements-ee91697289a13f7de938c2045535c96b is-layout-flex wp-container-core-columns-is-layout-da753e1f wp-block-columns-is-layout-flex\" style=\"margin-top:0;margin-bottom:var(--wp--preset--spacing--20);padding-top:var(--wp--preset--spacing--20);padding-right:var(--wp--preset--spacing--20);padding-bottom:var(--wp--preset--spacing--20);padding-left:var(--wp--preset--spacing--20)\">\n<div class=\"wp-block-column is-layout-flow wp-block-column-is-layout-flow\" style=\"padding-right:0px;padding-left:0px;flex-basis:75%\">\n<p style=\"font-style:normal;font-weight:700\"><strong>T\u00e1mogat\u00e1sok \u00e9s finansz\u00edroz\u00e1s szekci\u00f3<\/strong><\/p>\n<\/div>\n\n\n\n<div class=\"wp-block-column is-layout-flow wp-block-column-is-layout-flow\" style=\"flex-basis:25%\">\n<p class=\"has-text-align-right\"><strong>Certhon Build B.V.<\/strong><\/p>\n<\/div>\n<\/div>\n\n\n\n<div class=\"wp-block-columns is-layout-flex wp-container-core-columns-is-layout-da753e1f wp-block-columns-is-layout-flex\" style=\"margin-top:0;margin-bottom:var(--wp--preset--spacing--20);padding-top:var(--wp--preset--spacing--20);padding-right:var(--wp--preset--spacing--20);padding-bottom:var(--wp--preset--spacing--20);padding-left:var(--wp--preset--spacing--20)\">\n<div class=\"wp-block-column is-layout-flow wp-block-column-is-layout-flow\" style=\"border-top-style:none;border-top-width:0px;border-right-color:var(--wp--preset--color--custom-green);border-right-style:none;border-right-width:0px;border-bottom-style:none;border-bottom-width:0px;border-left-style:none;border-left-width:0px;padding-top:0;padding-right:0;padding-bottom:0;padding-left:0;font-style:normal;font-weight:700;flex-basis:15%\">\n<p>9:00 &#8211; 9:20<\/p>\n<\/div>\n\n\n\n<div class=\"wp-block-column is-layout-flow wp-block-column-is-layout-flow\" style=\"flex-basis:70%\">\n<p style=\"font-style:normal;font-weight:700\"><strong>Kert\u00e9szeti beruh\u00e1z\u00e1sok elsz\u00e1mol\u00e1sa, t\u00e1mogat\u00e1sok leh\u00edv\u00e1sa<\/strong><\/p>\n\n\n\n<p>Szigeti Szabolcs, Agr\u00e1rminiszt\u00e9rium mez\u0151gazdas\u00e1g\u00e9rt felel\u0151s \u00e1llamtitk\u00e1ra, Agr\u00e1rminiszt\u00e9rium (<em>felk\u00e9r\u00e9s alatt<\/em>)<\/p>\n<\/div>\n\n\n\n<div class=\"wp-block-column is-layout-flow wp-block-column-is-layout-flow\" style=\"flex-basis:15%\">\n<figure class=\"wp-block-image alignright size-large is-resized has-custom-border is-style-rounded\"><img loading=\"lazy\" decoding=\"async\" width=\"1024\" height=\"682\" src=\"https:\/\/tomatoday.fruitveb.hu\/wp-content\/uploads\/2026\/02\/Paprika-18-1024x682.jpg\" alt=\"\" class=\"has-border-color has-custom-green-border-color wp-image-226\" style=\"border-width:3px;aspect-ratio:1;object-fit:cover;width:100px\" srcset=\"https:\/\/tomatoday.fruitveb.hu\/wp-content\/uploads\/2026\/02\/Paprika-18-1024x682.jpg 1024w, https:\/\/tomatoday.fruitveb.hu\/wp-content\/uploads\/2026\/02\/Paprika-18-300x200.jpg 300w, https:\/\/tomatoday.fruitveb.hu\/wp-content\/uploads\/2026\/02\/Paprika-18-768x512.jpg 768w, https:\/\/tomatoday.fruitveb.hu\/wp-content\/uploads\/2026\/02\/Paprika-18-18x12.jpg 18w, https:\/\/tomatoday.fruitveb.hu\/wp-content\/uploads\/2026\/02\/Paprika-18.jpg 1280w\" sizes=\"auto, (max-width: 1024px) 100vw, 1024px\" \/><\/figure>\n<\/div>\n<\/div>\n\n\n\n<div class=\"wp-block-columns is-layout-flex wp-container-core-columns-is-layout-da753e1f wp-block-columns-is-layout-flex\" style=\"margin-top:0;margin-bottom:var(--wp--preset--spacing--20);padding-top:var(--wp--preset--spacing--20);padding-right:var(--wp--preset--spacing--20);padding-bottom:var(--wp--preset--spacing--20);padding-left:var(--wp--preset--spacing--20)\">\n<div class=\"wp-block-column is-layout-flow wp-block-column-is-layout-flow\" style=\"border-top-style:none;border-top-width:0px;border-right-color:var(--wp--preset--color--custom-green);border-right-style:none;border-right-width:0px;border-bottom-style:none;border-bottom-width:0px;border-left-style:none;border-left-width:0px;padding-top:0;padding-right:0;padding-bottom:0;padding-left:0;font-style:normal;font-weight:700;flex-basis:15%\">\n<p>9:20 &#8211; 9:40<\/p>\n<\/div>\n\n\n\n<div class=\"wp-block-column is-layout-flow wp-block-column-is-layout-flow\" style=\"flex-basis:70%\">\n<p style=\"font-style:normal;font-weight:700\"><strong>EU-s agr\u00e1rpolitikai aktualit\u00e1sok, t\u00e1mogat\u00e1spolitika 2027 ut\u00e1n &#8211; J\u00e1rni j\u00e1r, de mi fog jutni?<\/strong><\/p>\n\n\n\n<p>Dr. Mezei D\u00e1vid, Eur\u00f3pai parlamenti tan\u00e1csad\u00f3, Eur\u00f3pai Parlament (<em>felk\u00e9r\u00e9s alatt<\/em>)<\/p>\n<\/div>\n\n\n\n<div class=\"wp-block-column is-layout-flow wp-block-column-is-layout-flow\" style=\"flex-basis:15%\">\n<figure class=\"wp-block-image alignright size-large is-resized has-custom-border is-style-rounded\"><img loading=\"lazy\" decoding=\"async\" width=\"1024\" height=\"708\" src=\"https:\/\/tomatoday.fruitveb.hu\/wp-content\/uploads\/2026\/02\/Tomato-04-1024x708.jpg\" alt=\"\" class=\"has-border-color has-custom-green-border-color wp-image-230\" style=\"border-width:3px;border-top-left-radius:100px;border-top-right-radius:100px;border-bottom-left-radius:100px;border-bottom-right-radius:100px;aspect-ratio:1;object-fit:cover;width:100px\" srcset=\"https:\/\/tomatoday.fruitveb.hu\/wp-content\/uploads\/2026\/02\/Tomato-04-1024x708.jpg 1024w, https:\/\/tomatoday.fruitveb.hu\/wp-content\/uploads\/2026\/02\/Tomato-04-300x207.jpg 300w, https:\/\/tomatoday.fruitveb.hu\/wp-content\/uploads\/2026\/02\/Tomato-04-768x531.jpg 768w, https:\/\/tomatoday.fruitveb.hu\/wp-content\/uploads\/2026\/02\/Tomato-04-18x12.jpg 18w, https:\/\/tomatoday.fruitveb.hu\/wp-content\/uploads\/2026\/02\/Tomato-04.jpg 1280w\" sizes=\"auto, (max-width: 1024px) 100vw, 1024px\" \/><\/figure>\n<\/div>\n<\/div>\n\n\n\n<div class=\"wp-block-columns has-custom-green-color has-custom-s-rga-background-color has-text-color has-background has-link-color wp-elements-9af822916389b3ad0f529d3944e2973a is-layout-flex wp-container-core-columns-is-layout-da753e1f wp-block-columns-is-layout-flex\" style=\"margin-top:0;margin-bottom:var(--wp--preset--spacing--20);padding-top:var(--wp--preset--spacing--20);padding-right:var(--wp--preset--spacing--20);padding-bottom:var(--wp--preset--spacing--20);padding-left:var(--wp--preset--spacing--20)\">\n<div class=\"wp-block-column is-layout-flow wp-block-column-is-layout-flow\" style=\"flex-basis:75%\">\n<p style=\"font-style:normal;font-weight:700\"><strong>Foglalkoztat\u00e1s szekci\u00f3<\/strong><\/p>\n<\/div>\n\n\n\n<div class=\"wp-block-column is-layout-flow wp-block-column-is-layout-flow\" style=\"flex-basis:25%\">\n<p class=\"has-text-align-right\"><strong>Bom Greenhouses B.V.<\/strong><\/p>\n<\/div>\n<\/div>\n\n\n\n<div class=\"wp-block-columns is-layout-flex wp-container-core-columns-is-layout-da753e1f wp-block-columns-is-layout-flex\" style=\"margin-top:0;margin-bottom:var(--wp--preset--spacing--20);padding-top:var(--wp--preset--spacing--20);padding-right:var(--wp--preset--spacing--20);padding-bottom:var(--wp--preset--spacing--20);padding-left:var(--wp--preset--spacing--20)\">\n<div class=\"wp-block-column is-layout-flow wp-block-column-is-layout-flow\" style=\"border-top-style:none;border-top-width:0px;border-right-color:var(--wp--preset--color--custom-green);border-right-style:none;border-right-width:0px;border-bottom-style:none;border-bottom-width:0px;border-left-style:none;border-left-width:0px;padding-top:0;padding-right:0;padding-bottom:0;padding-left:0;font-style:normal;font-weight:700;flex-basis:15%\">\n<p>9:40 &#8211; 10:00<\/p>\n<\/div>\n\n\n\n<div class=\"wp-block-column is-layout-flow wp-block-column-is-layout-flow\" style=\"flex-basis:70%\">\n<p style=\"font-style:normal;font-weight:700\"><strong>Munker\u0151piaci k\u00e9rd\u00e9sek- k\u00fclf\u00f6ldi munker\u0151 &#8211; \u00e9get\u0151 aktualit\u00e1sok<\/strong><\/p>\n\n\n\n<p>D\u00e9nes Rajmund aleln\u00f6k &#8211; Magyar Munkaer\u0151-k\u00f6lcs\u00f6nz\u0151k Orsz\u00e1gos Sz\u00f6vets\u00e9ge (<em>felk\u00e9r\u00e9s alatt<\/em>)<\/p>\n<\/div>\n\n\n\n<div class=\"wp-block-column is-layout-flow wp-block-column-is-layout-flow\" style=\"flex-basis:15%\">\n<figure class=\"wp-block-image alignright size-large is-resized has-custom-border is-style-rounded\"><img loading=\"lazy\" decoding=\"async\" width=\"1024\" height=\"683\" src=\"https:\/\/tomatoday.fruitveb.hu\/wp-content\/uploads\/2026\/02\/Cucumber-06-1024x683.jpg\" alt=\"\" class=\"has-border-color has-custom-green-border-color wp-image-182\" style=\"border-width:3px;aspect-ratio:1;object-fit:cover;width:100px\" srcset=\"https:\/\/tomatoday.fruitveb.hu\/wp-content\/uploads\/2026\/02\/Cucumber-06-1024x683.jpg 1024w, https:\/\/tomatoday.fruitveb.hu\/wp-content\/uploads\/2026\/02\/Cucumber-06-300x200.jpg 300w, https:\/\/tomatoday.fruitveb.hu\/wp-content\/uploads\/2026\/02\/Cucumber-06-768x512.jpg 768w, https:\/\/tomatoday.fruitveb.hu\/wp-content\/uploads\/2026\/02\/Cucumber-06-18x12.jpg 18w, https:\/\/tomatoday.fruitveb.hu\/wp-content\/uploads\/2026\/02\/Cucumber-06.jpg 1280w\" sizes=\"auto, (max-width: 1024px) 100vw, 1024px\" \/><\/figure>\n<\/div>\n<\/div>\n\n\n\n<div class=\"wp-block-columns has-custom-s-rga-color has-custom-green-background-color has-text-color has-background has-link-color wp-elements-78210ab458dac68eb0669a0b7d4b7276 is-layout-flex wp-container-core-columns-is-layout-da753e1f wp-block-columns-is-layout-flex\" style=\"margin-top:0;margin-bottom:var(--wp--preset--spacing--20);padding-top:var(--wp--preset--spacing--20);padding-right:var(--wp--preset--spacing--20);padding-bottom:var(--wp--preset--spacing--20);padding-left:var(--wp--preset--spacing--20)\">\n<div class=\"wp-block-column is-layout-flow wp-block-column-is-layout-flow\" style=\"border-top-style:none;border-top-width:0px;border-right-color:var(--wp--preset--color--custom-green);border-right-style:none;border-right-width:0px;border-bottom-style:none;border-bottom-width:0px;border-left-style:none;border-left-width:0px;padding-top:0;padding-right:0;padding-bottom:0;padding-left:0;font-style:normal;font-weight:700;flex-basis:15%\">\n<p>10:00 &#8211; 10:20<\/p>\n<\/div>\n\n\n\n<div class=\"wp-block-column is-layout-flow wp-block-column-is-layout-flow\" style=\"flex-basis:70%\">\n<p style=\"font-style:normal;font-weight:700\"><strong>K\u00e1v\u00e9sz\u00fcnet<\/strong><\/p>\n<\/div>\n\n\n\n<div class=\"wp-block-column is-layout-flow wp-block-column-is-layout-flow\" style=\"flex-basis:15%\"><\/div>\n<\/div>\n\n\n\n<div class=\"wp-block-columns is-layout-flex wp-container-core-columns-is-layout-da753e1f wp-block-columns-is-layout-flex\" style=\"margin-top:0;margin-bottom:var(--wp--preset--spacing--20);padding-top:var(--wp--preset--spacing--20);padding-right:var(--wp--preset--spacing--20);padding-bottom:var(--wp--preset--spacing--20);padding-left:var(--wp--preset--spacing--20)\">\n<div class=\"wp-block-column is-layout-flow wp-block-column-is-layout-flow\" style=\"border-top-style:none;border-top-width:0px;border-right-color:var(--wp--preset--color--custom-green);border-right-style:none;border-right-width:0px;border-bottom-style:none;border-bottom-width:0px;border-left-style:none;border-left-width:0px;padding-top:0;padding-right:0;padding-bottom:0;padding-left:0;font-style:normal;font-weight:700;flex-basis:15%\">\n<p>10:20 &#8211; 10:40<\/p>\n<\/div>\n\n\n\n<div class=\"wp-block-column is-layout-flow wp-block-column-is-layout-flow\" style=\"flex-basis:70%\">\n<p style=\"font-style:normal;font-weight:700\">Munkaer\u0151, sebess\u00e9g, hat\u00e9konys\u00e1g &#8211; hol \u00e1llnak a magyar kert\u00e9szetek?<br>Nemzetk\u00f6zi \u00f6sszehasonl\u00edt\u00e1s-munkaer\u0151 szervez\u00e9s\u00e9nek jav\u00edt\u00e1sa<\/p>\n\n\n\n<p>\u00dajsz\u00e1szi Andr\u00e1s t\u00e1rsalap\u00edt\u00f3 &#8211; Gremon-Systems Zrt.<\/p>\n<\/div>\n\n\n\n<div class=\"wp-block-column is-layout-flow wp-block-column-is-layout-flow\" style=\"flex-basis:15%\">\n<figure class=\"wp-block-image alignright size-large is-resized has-custom-border is-style-rounded\"><img loading=\"lazy\" decoding=\"async\" width=\"1024\" height=\"682\" src=\"https:\/\/tomatoday.fruitveb.hu\/wp-content\/uploads\/2026\/02\/Paprika-18-1024x682.jpg\" alt=\"\" class=\"has-border-color has-custom-green-border-color wp-image-226\" style=\"border-width:3px;aspect-ratio:1;object-fit:cover;width:100px\" srcset=\"https:\/\/tomatoday.fruitveb.hu\/wp-content\/uploads\/2026\/02\/Paprika-18-1024x682.jpg 1024w, https:\/\/tomatoday.fruitveb.hu\/wp-content\/uploads\/2026\/02\/Paprika-18-300x200.jpg 300w, https:\/\/tomatoday.fruitveb.hu\/wp-content\/uploads\/2026\/02\/Paprika-18-768x512.jpg 768w, https:\/\/tomatoday.fruitveb.hu\/wp-content\/uploads\/2026\/02\/Paprika-18-18x12.jpg 18w, https:\/\/tomatoday.fruitveb.hu\/wp-content\/uploads\/2026\/02\/Paprika-18.jpg 1280w\" sizes=\"auto, (max-width: 1024px) 100vw, 1024px\" \/><\/figure>\n<\/div>\n<\/div>\n\n\n\n<div class=\"wp-block-columns has-custom-green-color has-custom-s-rga-background-color has-text-color has-background has-link-color wp-elements-5d87d5cd025f8d83bfb46a35d2bcedef is-layout-flex wp-container-core-columns-is-layout-da753e1f wp-block-columns-is-layout-flex\" style=\"margin-top:0;margin-bottom:var(--wp--preset--spacing--20);padding-top:var(--wp--preset--spacing--20);padding-right:var(--wp--preset--spacing--20);padding-bottom:var(--wp--preset--spacing--20);padding-left:var(--wp--preset--spacing--20)\">\n<div class=\"wp-block-column is-layout-flow wp-block-column-is-layout-flow\" style=\"flex-basis:75%\">\n<p style=\"font-style:normal;font-weight:700\"><strong>Szakmai \u00e9s technol\u00f3giai szekci\u00f3<\/strong><\/p>\n<\/div>\n\n\n\n<div class=\"wp-block-column is-layout-flow wp-block-column-is-layout-flow\" style=\"flex-basis:25%\">\n<p class=\"has-text-align-right\"><strong>Global Glasshouse Kft.<\/strong><\/p>\n<\/div>\n<\/div>\n\n\n\n<div class=\"wp-block-columns is-layout-flex wp-container-core-columns-is-layout-da753e1f wp-block-columns-is-layout-flex\" style=\"margin-top:0;margin-bottom:var(--wp--preset--spacing--20);padding-top:var(--wp--preset--spacing--20);padding-right:var(--wp--preset--spacing--20);padding-bottom:var(--wp--preset--spacing--20);padding-left:var(--wp--preset--spacing--20)\">\n<div class=\"wp-block-column is-layout-flow wp-block-column-is-layout-flow\" style=\"border-top-style:none;border-top-width:0px;border-right-color:var(--wp--preset--color--custom-green);border-right-style:none;border-right-width:0px;border-bottom-style:none;border-bottom-width:0px;border-left-style:none;border-left-width:0px;padding-top:0;padding-right:0;padding-bottom:0;padding-left:0;font-style:normal;font-weight:700;flex-basis:15%\">\n<p>10:40 &#8211; 11:40<\/p>\n<\/div>\n\n\n\n<div class=\"wp-block-column is-layout-flow wp-block-column-is-layout-flow\" style=\"flex-basis:70%\">\n<p style=\"font-style:normal;font-weight:700\">K\u00fcl\u00f6nb\u00f6z\u0151 DIFF\u00daZ \u00fcvegek term\u00e9sn\u00f6vel\u0151 hat\u00e1sai a n\u00f6v\u00e9nykult\u00far\u00e1kra- paradicsom-uborka -paprika (el\u0151ad\u00e1s v\u00e9g\u00e9n k\u00e9rdezni lehet)<\/p>\n\n\n\n<p>Lucien Knetemann, \u00fcgyvezet\u0151 tulajdonosa, Glasimport company<br>(<em>El\u0151ad\u00e1s nyelve: Angol-magyar<\/em>)<\/p>\n<\/div>\n\n\n\n<div class=\"wp-block-column is-layout-flow wp-block-column-is-layout-flow\" style=\"flex-basis:15%\">\n<figure class=\"wp-block-image alignright size-large is-resized has-custom-border is-style-rounded\"><img loading=\"lazy\" decoding=\"async\" width=\"1024\" height=\"708\" src=\"https:\/\/tomatoday.fruitveb.hu\/wp-content\/uploads\/2026\/02\/Tomato-04-1024x708.jpg\" alt=\"\" class=\"has-border-color has-custom-green-border-color wp-image-230\" style=\"border-width:3px;border-top-left-radius:100px;border-top-right-radius:100px;border-bottom-left-radius:100px;border-bottom-right-radius:100px;aspect-ratio:1;object-fit:cover;width:100px\" srcset=\"https:\/\/tomatoday.fruitveb.hu\/wp-content\/uploads\/2026\/02\/Tomato-04-1024x708.jpg 1024w, https:\/\/tomatoday.fruitveb.hu\/wp-content\/uploads\/2026\/02\/Tomato-04-300x207.jpg 300w, https:\/\/tomatoday.fruitveb.hu\/wp-content\/uploads\/2026\/02\/Tomato-04-768x531.jpg 768w, https:\/\/tomatoday.fruitveb.hu\/wp-content\/uploads\/2026\/02\/Tomato-04-18x12.jpg 18w, https:\/\/tomatoday.fruitveb.hu\/wp-content\/uploads\/2026\/02\/Tomato-04.jpg 1280w\" sizes=\"auto, (max-width: 1024px) 100vw, 1024px\" \/><\/figure>\n<\/div>\n<\/div>\n\n\n\n<div class=\"wp-block-columns is-layout-flex wp-container-core-columns-is-layout-da753e1f wp-block-columns-is-layout-flex\" style=\"margin-top:0;margin-bottom:var(--wp--preset--spacing--20);padding-top:var(--wp--preset--spacing--20);padding-right:var(--wp--preset--spacing--20);padding-bottom:var(--wp--preset--spacing--20);padding-left:var(--wp--preset--spacing--20)\">\n<div class=\"wp-block-column is-layout-flow wp-block-column-is-layout-flow\" style=\"border-top-style:none;border-top-width:0px;border-right-color:var(--wp--preset--color--custom-green);border-right-style:none;border-right-width:0px;border-bottom-style:none;border-bottom-width:0px;border-left-style:none;border-left-width:0px;padding-top:0;padding-right:0;padding-bottom:0;padding-left:0;font-style:normal;font-weight:700;flex-basis:15%\">\n<p>11:40 &#8211; 12:00<\/p>\n<\/div>\n\n\n\n<div class=\"wp-block-column is-layout-flow wp-block-column-is-layout-flow\" style=\"flex-basis:70%\">\n<p style=\"font-style:normal;font-weight:700\">V\u00edrushelyzet Magyarorsz\u00e1gon: a jelenlegi paradicsom fajtaszortiment ellen\u00e1ll\u00f3s\u00e1ga, termeszt\u00e9si tapasztalatok az \u00faj nemes\u00edt\u00e9s\u0171 fajt\u00e1kkal, fert\u0151tlen\u00edt\u00e9s jelent\u0151s\u00e9ge<\/p>\n\n\n\n<p>Forray Alfr\u00e9d Szaktan\u00e1csad\u00f3, Koppert Hung\u00e1ria Kft., Floratom Kft.<\/p>\n<\/div>\n\n\n\n<div class=\"wp-block-column is-layout-flow wp-block-column-is-layout-flow\" style=\"flex-basis:15%\">\n<figure class=\"wp-block-image alignright size-large is-resized has-custom-border is-style-rounded\"><img loading=\"lazy\" decoding=\"async\" width=\"1024\" height=\"683\" src=\"https:\/\/tomatoday.fruitveb.hu\/wp-content\/uploads\/2026\/02\/Cucumber-06-1024x683.jpg\" alt=\"\" class=\"has-border-color has-custom-green-border-color wp-image-182\" style=\"border-width:3px;aspect-ratio:1;object-fit:cover;width:100px\" srcset=\"https:\/\/tomatoday.fruitveb.hu\/wp-content\/uploads\/2026\/02\/Cucumber-06-1024x683.jpg 1024w, https:\/\/tomatoday.fruitveb.hu\/wp-content\/uploads\/2026\/02\/Cucumber-06-300x200.jpg 300w, https:\/\/tomatoday.fruitveb.hu\/wp-content\/uploads\/2026\/02\/Cucumber-06-768x512.jpg 768w, https:\/\/tomatoday.fruitveb.hu\/wp-content\/uploads\/2026\/02\/Cucumber-06-18x12.jpg 18w, https:\/\/tomatoday.fruitveb.hu\/wp-content\/uploads\/2026\/02\/Cucumber-06.jpg 1280w\" sizes=\"auto, (max-width: 1024px) 100vw, 1024px\" \/><\/figure>\n<\/div>\n<\/div>\n\n\n\n<div class=\"wp-block-columns has-custom-s-rga-color has-custom-green-background-color has-text-color has-background has-link-color wp-elements-65dd31c09b64cc4582e2815faafd8583 is-layout-flex wp-container-core-columns-is-layout-da753e1f wp-block-columns-is-layout-flex\" style=\"margin-top:0;margin-bottom:var(--wp--preset--spacing--20);padding-top:var(--wp--preset--spacing--20);padding-right:var(--wp--preset--spacing--20);padding-bottom:var(--wp--preset--spacing--20);padding-left:var(--wp--preset--spacing--20)\">\n<div class=\"wp-block-column is-layout-flow wp-block-column-is-layout-flow\" style=\"border-top-style:none;border-top-width:0px;border-right-color:var(--wp--preset--color--custom-green);border-right-style:none;border-right-width:0px;border-bottom-style:none;border-bottom-width:0px;border-left-style:none;border-left-width:0px;padding-top:0;padding-right:0;padding-bottom:0;padding-left:0;font-style:normal;font-weight:700;flex-basis:15%\">\n<p>12:00 &#8211; 13:00<\/p>\n<\/div>\n\n\n\n<div class=\"wp-block-column is-layout-flow wp-block-column-is-layout-flow\" style=\"flex-basis:85%\">\n<p style=\"font-style:normal;font-weight:700\"><strong>Eb\u00e9d<\/strong><\/p>\n\n\n\n<p style=\"font-style:normal;font-weight:600\">K\u00f6tetlen besz\u00e9lget\u00e9s a ki\u00e1ll\u00edt\u00f3kkal \u00e9s az el\u0151ad\u00f3kkal. Sz\u00e1mos, csak a szakmai napra \u00e9rkez\u0151 k\u00fclf\u00f6ldi ki\u00e1ll\u00edt\u00f3 fog r\u00e9szt venni a rendezv\u00e9nyen, akikt\u0151l szem\u00e9lyesen is inform\u00e1l\u00f3dhatnak!<\/p>\n<\/div>\n<\/div>\n\n\n\n<div class=\"wp-block-columns is-layout-flex wp-container-core-columns-is-layout-da753e1f wp-block-columns-is-layout-flex\" style=\"margin-top:0;margin-bottom:var(--wp--preset--spacing--20);padding-top:var(--wp--preset--spacing--20);padding-right:var(--wp--preset--spacing--20);padding-bottom:var(--wp--preset--spacing--20);padding-left:var(--wp--preset--spacing--20)\">\n<div class=\"wp-block-column is-layout-flow wp-block-column-is-layout-flow\" style=\"border-top-style:none;border-top-width:0px;border-right-color:var(--wp--preset--color--custom-green);border-right-style:none;border-right-width:0px;border-bottom-style:none;border-bottom-width:0px;border-left-style:none;border-left-width:0px;padding-top:0;padding-right:0;padding-bottom:0;padding-left:0;font-style:normal;font-weight:700;flex-basis:15%\">\n<p>13:00 &#8211; 14:00<\/p>\n<\/div>\n\n\n\n<div class=\"wp-block-column is-layout-flow wp-block-column-is-layout-flow\" style=\"flex-basis:70%\">\n<p style=\"font-style:normal;font-weight:700\">Mularski Csal\u00e1d, 60 hekt\u00e1ron m\u0171k\u00f6d\u0151, legnagyobb lengyel csal\u00e1di v\u00e1llalkoz\u00e1s bemutatkoz\u00e1sa &#8211; Strat\u00e9giai gondolkoz\u00e1s a kert\u00e9szetben &#8211; paradicsom \u00e9s uborkatermeszt\u00e9s &#8211; pal\u00e1ntanevel\u00e9s (el\u0151ad\u00e1s v\u00e9g\u00e9n k\u00e9rdezni lehet)<\/p>\n\n\n\n<p>Marcin Mularski- \u00fcgyvezet\u0151 tulajdonos, Mularski Group- T. Mularski&#8217; Sp.z o.o.<br>(<em>El\u0151ad\u00e1s nyelve: Angol-magyar<\/em>)<\/p>\n<\/div>\n\n\n\n<div class=\"wp-block-column is-layout-flow wp-block-column-is-layout-flow\" style=\"flex-basis:15%\">\n<figure class=\"wp-block-image alignright size-large is-resized has-custom-border is-style-rounded\"><img loading=\"lazy\" decoding=\"async\" width=\"1024\" height=\"682\" src=\"https:\/\/tomatoday.fruitveb.hu\/wp-content\/uploads\/2026\/02\/Paprika-18-1024x682.jpg\" alt=\"\" class=\"has-border-color has-custom-green-border-color wp-image-226\" style=\"border-width:3px;aspect-ratio:1;object-fit:cover;width:100px\" srcset=\"https:\/\/tomatoday.fruitveb.hu\/wp-content\/uploads\/2026\/02\/Paprika-18-1024x682.jpg 1024w, https:\/\/tomatoday.fruitveb.hu\/wp-content\/uploads\/2026\/02\/Paprika-18-300x200.jpg 300w, https:\/\/tomatoday.fruitveb.hu\/wp-content\/uploads\/2026\/02\/Paprika-18-768x512.jpg 768w, https:\/\/tomatoday.fruitveb.hu\/wp-content\/uploads\/2026\/02\/Paprika-18-18x12.jpg 18w, https:\/\/tomatoday.fruitveb.hu\/wp-content\/uploads\/2026\/02\/Paprika-18.jpg 1280w\" sizes=\"auto, (max-width: 1024px) 100vw, 1024px\" \/><\/figure>\n<\/div>\n<\/div>\n\n\n\n<div class=\"wp-block-columns is-layout-flex wp-container-core-columns-is-layout-da753e1f wp-block-columns-is-layout-flex\" style=\"margin-top:0;margin-bottom:var(--wp--preset--spacing--20);padding-top:var(--wp--preset--spacing--20);padding-right:var(--wp--preset--spacing--20);padding-bottom:var(--wp--preset--spacing--20);padding-left:var(--wp--preset--spacing--20)\">\n<div class=\"wp-block-column is-layout-flow wp-block-column-is-layout-flow\" style=\"border-top-style:none;border-top-width:0px;border-right-color:var(--wp--preset--color--custom-green);border-right-style:none;border-right-width:0px;border-bottom-style:none;border-bottom-width:0px;border-left-style:none;border-left-width:0px;padding-top:0;padding-right:0;padding-bottom:0;padding-left:0;font-style:normal;font-weight:700;flex-basis:15%\">\n<p>14:00 &#8211; 14:40<\/p>\n<\/div>\n\n\n\n<div class=\"wp-block-column is-layout-flow wp-block-column-is-layout-flow\" style=\"flex-basis:70%\">\n<p style=\"font-style:normal;font-weight:700\">Ny\u00e1ri n\u00f6v\u00e9ny ir\u00e1ny\u00edt\u00e1s \u00e9s kl\u00edmaszab\u00e1lyoz\u00e1s \u2013 a p\u00e1r\u00e1s\u00edt\u00e1s haszn\u00e1lata (el\u0151ad\u00e1s v\u00e9g\u00e9n k\u00e9rdezni lehet)<\/p>\n\n\n\n<p>Wlodarczyk Marcin &#8211; szaktan\u00e1csad\u00f3, Grodan<br>(<em>El\u0151ad\u00e1s nyelve: Angol-magyar<\/em>)<\/p>\n<\/div>\n\n\n\n<div class=\"wp-block-column is-layout-flow wp-block-column-is-layout-flow\" style=\"flex-basis:15%\">\n<figure class=\"wp-block-image alignright size-large is-resized has-custom-border is-style-rounded\"><img loading=\"lazy\" decoding=\"async\" width=\"1024\" height=\"708\" src=\"https:\/\/tomatoday.fruitveb.hu\/wp-content\/uploads\/2026\/02\/Tomato-04-1024x708.jpg\" alt=\"\" class=\"has-border-color has-custom-green-border-color wp-image-230\" style=\"border-width:3px;border-top-left-radius:100px;border-top-right-radius:100px;border-bottom-left-radius:100px;border-bottom-right-radius:100px;aspect-ratio:1;object-fit:cover;width:100px\" srcset=\"https:\/\/tomatoday.fruitveb.hu\/wp-content\/uploads\/2026\/02\/Tomato-04-1024x708.jpg 1024w, https:\/\/tomatoday.fruitveb.hu\/wp-content\/uploads\/2026\/02\/Tomato-04-300x207.jpg 300w, https:\/\/tomatoday.fruitveb.hu\/wp-content\/uploads\/2026\/02\/Tomato-04-768x531.jpg 768w, https:\/\/tomatoday.fruitveb.hu\/wp-content\/uploads\/2026\/02\/Tomato-04-18x12.jpg 18w, https:\/\/tomatoday.fruitveb.hu\/wp-content\/uploads\/2026\/02\/Tomato-04.jpg 1280w\" sizes=\"auto, (max-width: 1024px) 100vw, 1024px\" \/><\/figure>\n<\/div>\n<\/div>\n\n\n\n<div class=\"wp-block-columns has-custom-green-color has-custom-s-rga-background-color has-text-color has-background has-link-color wp-elements-19149ea6c1fa2836cb7aa3c6a38a2160 is-layout-flex wp-container-core-columns-is-layout-da753e1f wp-block-columns-is-layout-flex\" style=\"margin-top:0;margin-bottom:var(--wp--preset--spacing--20);padding-top:var(--wp--preset--spacing--20);padding-right:var(--wp--preset--spacing--20);padding-bottom:var(--wp--preset--spacing--20);padding-left:var(--wp--preset--spacing--20)\">\n<div class=\"wp-block-column is-layout-flow wp-block-column-is-layout-flow\" style=\"flex-basis:75%\">\n<p style=\"font-style:normal;font-weight:700\"><strong>Innov\u00e1ci\u00f3s szekci\u00f3<\/strong><\/p>\n<\/div>\n\n\n\n<div class=\"wp-block-column is-layout-flow wp-block-column-is-layout-flow\" style=\"flex-basis:25%\">\n<p class=\"has-text-align-right\"><strong>Sanfog s.r.o.<\/strong><\/p>\n<\/div>\n<\/div>\n\n\n\n<div class=\"wp-block-columns is-layout-flex wp-container-core-columns-is-layout-da753e1f wp-block-columns-is-layout-flex\" style=\"margin-top:0;margin-bottom:var(--wp--preset--spacing--20);padding-top:var(--wp--preset--spacing--20);padding-right:var(--wp--preset--spacing--20);padding-bottom:var(--wp--preset--spacing--20);padding-left:var(--wp--preset--spacing--20)\">\n<div class=\"wp-block-column is-layout-flow wp-block-column-is-layout-flow\" style=\"border-top-style:none;border-top-width:0px;border-right-color:var(--wp--preset--color--custom-green);border-right-style:none;border-right-width:0px;border-bottom-style:none;border-bottom-width:0px;border-left-style:none;border-left-width:0px;padding-top:0;padding-right:0;padding-bottom:0;padding-left:0;font-style:normal;font-weight:700;flex-basis:15%\">\n<p>14:40 &#8211; 15:25<\/p>\n<\/div>\n\n\n\n<div class=\"wp-block-column is-layout-flow wp-block-column-is-layout-flow\" style=\"flex-basis:70%\">\n<p style=\"font-style:normal;font-weight:700\">Adatokb\u00f3l d\u00f6nt\u00e9sek, d\u00f6nt\u00e9sekb\u0151l eredm\u00e9nyek &#8211; a Crop Controller bevezet\u00e9s\u00e9nek tapasztalatai az \u00c1rp\u00e1d-Agr\u00e1rn\u00e1l (el\u0151ad\u00e1s v\u00e9g\u00e9n k\u00e9rdezni lehet)<\/p>\n\n\n\n<p>Daria Noda &#8211; szak\u00e9rt\u0151, Blue Radix B.V.<br>(<em>El\u0151ad\u00e1s nyelve: Angol-magyar<\/em>)<\/p>\n<\/div>\n\n\n\n<div class=\"wp-block-column is-layout-flow wp-block-column-is-layout-flow\" style=\"flex-basis:15%\">\n<figure class=\"wp-block-image alignright size-large is-resized has-custom-border is-style-rounded\"><img loading=\"lazy\" decoding=\"async\" width=\"1024\" height=\"683\" src=\"https:\/\/tomatoday.fruitveb.hu\/wp-content\/uploads\/2026\/02\/Cucumber-06-1024x683.jpg\" alt=\"\" class=\"has-border-color has-custom-green-border-color wp-image-182\" style=\"border-width:3px;aspect-ratio:1;object-fit:cover;width:100px\" srcset=\"https:\/\/tomatoday.fruitveb.hu\/wp-content\/uploads\/2026\/02\/Cucumber-06-1024x683.jpg 1024w, https:\/\/tomatoday.fruitveb.hu\/wp-content\/uploads\/2026\/02\/Cucumber-06-300x200.jpg 300w, https:\/\/tomatoday.fruitveb.hu\/wp-content\/uploads\/2026\/02\/Cucumber-06-768x512.jpg 768w, https:\/\/tomatoday.fruitveb.hu\/wp-content\/uploads\/2026\/02\/Cucumber-06-18x12.jpg 18w, https:\/\/tomatoday.fruitveb.hu\/wp-content\/uploads\/2026\/02\/Cucumber-06.jpg 1280w\" sizes=\"auto, (max-width: 1024px) 100vw, 1024px\" \/><\/figure>\n<\/div>\n<\/div>\n\n\n\n<div style=\"height:25px\" aria-hidden=\"true\" class=\"wp-block-spacer\"><\/div>\n\n\n\n<p class=\"has-text-align-center\">A tervezett programra vonatkoz\u00f3an a v\u00e1ltoztat\u00e1s jog\u00e1t fenntartjuk!<\/p>\n\n\n\n<div style=\"height:25px\" aria-hidden=\"true\" class=\"wp-block-spacer\"><\/div>\n\n\n\n<p class=\"has-text-align-center\">A rendezv\u00e9ny a NAK szaktan\u00e1csad\u00f3i programj\u00e1nak r\u00e9szek\u00e9nt a \u2013 szaktan\u00e1csad\u00f3i n\u00e9vjegyz\u00e9kben szerepl\u0151 \u2013 szaktan\u00e1csad\u00f3k sz\u00e1m\u00e1ra szabadon v\u00e1laszthat\u00f3 rendezv\u00e9nyek k\u00f6z\u00e9 tartozik.<\/p>\n\n\n\n<p><\/p>","protected":false},"excerpt":{"rendered":"<p>8:00 &#8211; 8:45 Regisztr\u00e1ci\u00f3 8:45 &#8211; 8:50 Megnyit\u00f3 Gubacsi Zolt\u00e1n FruitVeB aleln\u00f6k 8:50 &#8211; 9:00 K\u00f6sz\u00f6nt\u0151 Dr. Ap\u00e1ti Ferenc FruitVeB eln\u00f6k T\u00e1mogat\u00e1sok \u00e9s finansz\u00edroz\u00e1s szekci\u00f3 Certhon Build B.V. 9:00 &#8211; 9:20 Kert\u00e9szeti beruh\u00e1z\u00e1sok elsz\u00e1mol\u00e1sa, t\u00e1mogat\u00e1sok leh\u00edv\u00e1sa Szigeti Szabolcs, Agr\u00e1rminiszt\u00e9rium mez\u0151gazdas\u00e1g\u00e9rt felel\u0151s \u00e1llamtitk\u00e1ra, Agr\u00e1rminiszt\u00e9rium (felk\u00e9r\u00e9s alatt) 9:20 &#8211; 9:40 EU-s agr\u00e1rpolitikai aktualit\u00e1sok, t\u00e1mogat\u00e1spolitika 2027 ut\u00e1n &#8211; [&hellip;]<\/p>\n","protected":false},"author":1,"featured_media":0,"parent":0,"menu_order":0,"comment_status":"closed","ping_status":"closed","template":"","meta":{"footnotes":""},"class_list":["post-269","page","type-page","status-publish","hentry"],"_links":{"self":[{"href":"https:\/\/tomatoday.fruitveb.hu\/en\/wp-json\/wp\/v2\/pages\/269","targetHints":{"allow":["GET"]}}],"collection":[{"href":"https:\/\/tomatoday.fruitveb.hu\/en\/wp-json\/wp\/v2\/pages"}],"about":[{"href":"https:\/\/tomatoday.fruitveb.hu\/en\/wp-json\/wp\/v2\/types\/page"}],"author":[{"embeddable":true,"href":"https:\/\/tomatoday.fruitveb.hu\/en\/wp-json\/wp\/v2\/users\/1"}],"replies":[{"embeddable":true,"href":"https:\/\/tomatoday.fruitveb.hu\/en\/wp-json\/wp\/v2\/comments?post=269"}],"version-history":[{"count":8,"href":"https:\/\/tomatoday.fruitveb.hu\/en\/wp-json\/wp\/v2\/pages\/269\/revisions"}],"predecessor-version":[{"id":1110,"href":"https:\/\/tomatoday.fruitveb.hu\/en\/wp-json\/wp\/v2\/pages\/269\/revisions\/1110"}],"wp:attachment":[{"href":"https:\/\/tomatoday.fruitveb.hu\/en\/wp-json\/wp\/v2\/media?parent=269"}],"curies":[{"name":"wp","href":"https:\/\/api.w.org\/{rel}","templated":true}]}}