{"id":2,"date":"2026-02-23T14:02:41","date_gmt":"2026-02-23T14:02:41","guid":{"rendered":"https:\/\/tomatoday.fruitveb.hu\/?page_id=2"},"modified":"2026-04-24T14:50:51","modified_gmt":"2026-04-24T14:50:51","slug":"td2026","status":"publish","type":"page","link":"https:\/\/tomatoday.fruitveb.hu\/en\/","title":{"rendered":"Magyar Paradicsom Napja \u00e9s Hajtat\u00e1si Expo 2026"},"content":{"rendered":"<div class=\"wp-block-gslider-blocks-flexi-content gslider-flexi-content-wrapper gslider-flexi-content-f074b243 inside center has-pagination\" data-swiper-settings=\"{&quot;effect&quot;:&quot;slide&quot;,&quot;breakpoints&quot;:{&quot;0&quot;:{&quot;speed&quot;:800,&quot;autoplay&quot;:false,&quot;navigation&quot;:{&quot;enabled&quot;:true},&quot;pagination&quot;:{&quot;enabled&quot;:true}},&quot;768&quot;:{&quot;speed&quot;:800,&quot;autoplay&quot;:false,&quot;navigation&quot;:{&quot;enabled&quot;:true},&quot;pagination&quot;:{&quot;enabled&quot;:true}},&quot;1025&quot;:{&quot;speed&quot;:800,&quot;autoplay&quot;:false,&quot;navigation&quot;:{&quot;enabled&quot;:true},&quot;pagination&quot;:{&quot;enabled&quot;:true}}},&quot;loop&quot;:true,&quot;autoplay&quot;:false,&quot;allowTouchMove&quot;:true,&quot;mousewheel&quot;:false,&quot;keyboard&quot;:false,&quot;navigation&quot;:{&quot;enabled&quot;:true,&quot;nextEl&quot;:&quot;.swiper-button-next&quot;,&quot;prevEl&quot;:&quot;.swiper-button-prev&quot;},&quot;pagination&quot;:{&quot;enabled&quot;:true,&quot;el&quot;:&quot;.gslider-flexi-content-f074b243 .swiper-pagination-flexi-content&quot;,&quot;type&quot;:&quot;bullets&quot;,&quot;dynamicBullets&quot;:false,&quot;clickable&quot;:true}}\"><div class=\"swiper\"><div class=\"swiper-wrapper gslider-swiper-wrapper\">\n<div class=\"wp-block-gslider-blocks-flexi-content-item flexi-content-item swiper-slide gslider-flexi-content-item-788c2eab\"><div class=\"gslider-content-wrapper\"><div class=\"gslider-content-inner-wrapper\">\n<figure class=\"wp-block-video\"><video height=\"1080\" style=\"aspect-ratio: 1920 \/ 1080;\" width=\"1920\" controls src=\"https:\/\/tomatoday.fruitveb.hu\/wp-content\/uploads\/2026\/03\/video_02_k.mp4\"><\/video><\/figure>\n<\/div><\/div><\/div>\n\n\n\n<div class=\"wp-block-gslider-blocks-flexi-content-item flexi-content-item swiper-slide gslider-flexi-content-item-2ab66e3b\"><div class=\"gslider-content-wrapper\"><div class=\"gslider-content-inner-wrapper\">\n<figure class=\"wp-block-image size-large\"><img loading=\"lazy\" decoding=\"async\" width=\"1024\" height=\"768\" src=\"https:\/\/tomatoday.fruitveb.hu\/wp-content\/uploads\/2026\/02\/Paprika-04-1024x768.jpg\" alt=\"\" class=\"wp-image-212\" style=\"aspect-ratio:16\/9;object-fit:cover\" srcset=\"https:\/\/tomatoday.fruitveb.hu\/wp-content\/uploads\/2026\/02\/Paprika-04-1024x768.jpg 1024w, https:\/\/tomatoday.fruitveb.hu\/wp-content\/uploads\/2026\/02\/Paprika-04-300x225.jpg 300w, https:\/\/tomatoday.fruitveb.hu\/wp-content\/uploads\/2026\/02\/Paprika-04-768x576.jpg 768w, https:\/\/tomatoday.fruitveb.hu\/wp-content\/uploads\/2026\/02\/Paprika-04-16x12.jpg 16w, https:\/\/tomatoday.fruitveb.hu\/wp-content\/uploads\/2026\/02\/Paprika-04.jpg 1280w\" sizes=\"auto, (max-width: 1024px) 100vw, 1024px\" \/><\/figure>\n<\/div><\/div><\/div>\n\n\n\n<div class=\"wp-block-gslider-blocks-flexi-content-item flexi-content-item swiper-slide gslider-flexi-content-item-b0de73c7\"><div class=\"gslider-content-wrapper\"><div class=\"gslider-content-inner-wrapper\">\n<figure class=\"wp-block-image size-large\"><img loading=\"lazy\" decoding=\"async\" width=\"1024\" height=\"708\" src=\"https:\/\/tomatoday.fruitveb.hu\/wp-content\/uploads\/2026\/02\/Tomato-04-1024x708.jpg\" alt=\"\" class=\"wp-image-230\" style=\"aspect-ratio:16\/9;object-fit:cover\" srcset=\"https:\/\/tomatoday.fruitveb.hu\/wp-content\/uploads\/2026\/02\/Tomato-04-1024x708.jpg 1024w, https:\/\/tomatoday.fruitveb.hu\/wp-content\/uploads\/2026\/02\/Tomato-04-300x207.jpg 300w, https:\/\/tomatoday.fruitveb.hu\/wp-content\/uploads\/2026\/02\/Tomato-04-768x531.jpg 768w, https:\/\/tomatoday.fruitveb.hu\/wp-content\/uploads\/2026\/02\/Tomato-04-18x12.jpg 18w, https:\/\/tomatoday.fruitveb.hu\/wp-content\/uploads\/2026\/02\/Tomato-04.jpg 1280w\" sizes=\"auto, (max-width: 1024px) 100vw, 1024px\" \/><\/figure>\n<\/div><\/div><\/div>\n\n\n\n<div class=\"wp-block-gslider-blocks-flexi-content-item flexi-content-item swiper-slide gslider-flexi-content-item-788c2eab\"><div class=\"gslider-content-wrapper\"><div class=\"gslider-content-inner-wrapper\">\n<figure class=\"wp-block-image size-large\"><img loading=\"lazy\" decoding=\"async\" width=\"1024\" height=\"682\" src=\"https:\/\/tomatoday.fruitveb.hu\/wp-content\/uploads\/2026\/02\/Tomato-14-1024x682.jpg\" alt=\"\" class=\"wp-image-240\" style=\"aspect-ratio:16\/9;object-fit:cover\" srcset=\"https:\/\/tomatoday.fruitveb.hu\/wp-content\/uploads\/2026\/02\/Tomato-14-1024x682.jpg 1024w, https:\/\/tomatoday.fruitveb.hu\/wp-content\/uploads\/2026\/02\/Tomato-14-300x200.jpg 300w, https:\/\/tomatoday.fruitveb.hu\/wp-content\/uploads\/2026\/02\/Tomato-14-768x512.jpg 768w, https:\/\/tomatoday.fruitveb.hu\/wp-content\/uploads\/2026\/02\/Tomato-14-18x12.jpg 18w, https:\/\/tomatoday.fruitveb.hu\/wp-content\/uploads\/2026\/02\/Tomato-14.jpg 1280w\" sizes=\"auto, (max-width: 1024px) 100vw, 1024px\" \/><\/figure>\n<\/div><\/div><\/div>\n\n\n\n<div class=\"wp-block-gslider-blocks-flexi-content-item flexi-content-item swiper-slide gslider-flexi-content-item-788c2eab\"><div class=\"gslider-content-wrapper\"><div class=\"gslider-content-inner-wrapper\">\n<figure class=\"wp-block-image size-large\"><img loading=\"lazy\" decoding=\"async\" width=\"1024\" height=\"682\" src=\"https:\/\/tomatoday.fruitveb.hu\/wp-content\/uploads\/2026\/02\/Paprika-01-1024x682.jpg\" alt=\"\" class=\"wp-image-209\" style=\"aspect-ratio:16\/9;object-fit:cover\" srcset=\"https:\/\/tomatoday.fruitveb.hu\/wp-content\/uploads\/2026\/02\/Paprika-01-1024x682.jpg 1024w, https:\/\/tomatoday.fruitveb.hu\/wp-content\/uploads\/2026\/02\/Paprika-01-300x200.jpg 300w, https:\/\/tomatoday.fruitveb.hu\/wp-content\/uploads\/2026\/02\/Paprika-01-768x512.jpg 768w, https:\/\/tomatoday.fruitveb.hu\/wp-content\/uploads\/2026\/02\/Paprika-01-18x12.jpg 18w, https:\/\/tomatoday.fruitveb.hu\/wp-content\/uploads\/2026\/02\/Paprika-01.jpg 1280w\" sizes=\"auto, (max-width: 1024px) 100vw, 1024px\" \/><\/figure>\n<\/div><\/div><\/div>\n\n\n\n<div class=\"wp-block-gslider-blocks-flexi-content-item flexi-content-item swiper-slide gslider-flexi-content-item-788c2eab\"><div class=\"gslider-content-wrapper\"><div class=\"gslider-content-inner-wrapper\">\n<figure class=\"wp-block-image size-large\"><img loading=\"lazy\" decoding=\"async\" width=\"1024\" height=\"683\" src=\"https:\/\/tomatoday.fruitveb.hu\/wp-content\/uploads\/2026\/02\/Mix-09-1024x683.jpg\" alt=\"\" class=\"wp-image-206\" style=\"aspect-ratio:16\/9;object-fit:cover\" srcset=\"https:\/\/tomatoday.fruitveb.hu\/wp-content\/uploads\/2026\/02\/Mix-09-1024x683.jpg 1024w, https:\/\/tomatoday.fruitveb.hu\/wp-content\/uploads\/2026\/02\/Mix-09-300x200.jpg 300w, https:\/\/tomatoday.fruitveb.hu\/wp-content\/uploads\/2026\/02\/Mix-09-768x512.jpg 768w, https:\/\/tomatoday.fruitveb.hu\/wp-content\/uploads\/2026\/02\/Mix-09-18x12.jpg 18w, https:\/\/tomatoday.fruitveb.hu\/wp-content\/uploads\/2026\/02\/Mix-09.jpg 1280w\" sizes=\"auto, (max-width: 1024px) 100vw, 1024px\" \/><\/figure>\n<\/div><\/div><\/div>\n<\/div><div class=\"gslider-navigation-default-icon-wrapper inside center\"><div class=\"swiper-button-prev\" role=\"button\" tabindex=\"0\" aria-label=\"Previous slide\"><\/div><div class=\"swiper-button-next\" role=\"button\" tabindex=\"0\" aria-label=\"Next slide\"><\/div><\/div><div class=\"swiper-pagination swiper-pagination-flexi-content\" aria-label=\"Carousel pagination\"><\/div><\/div><\/div>\n\n\n\n<div style=\"height:25px\" aria-hidden=\"true\" class=\"wp-block-spacer\"><\/div>\n\n\n\n<div class=\"wp-block-columns is-layout-flex wp-container-core-columns-is-layout-28f84493 wp-block-columns-is-layout-flex\">\n<div class=\"wp-block-column is-vertically-aligned-top is-layout-flow wp-block-column-is-layout-flow\" style=\"flex-basis:80%\">\n<p>Organized by FruitVeB, the Hungarian Tomato Day and Greenhouse Expo\u2014Hungary\u2019s most significant event for greenhouse vegetable production\u2014will take place on June 2, 2026 (Tuesday) at the usual venue in Szeged (Forr\u00e1s Hotel).<\/p>\n<\/div>\n\n\n\n<div class=\"wp-block-column is-vertically-aligned-top is-layout-flow wp-block-column-is-layout-flow\" style=\"flex-basis:20%\">\n<figure class=\"wp-block-image alignright size-full is-resized has-custom-border\"><img loading=\"lazy\" decoding=\"async\" width=\"700\" height=\"600\" src=\"https:\/\/tomatoday.fruitveb.hu\/wp-content\/uploads\/2026\/03\/FruitVeBegyegy.png\" alt=\"\" class=\"has-border-color has-custom-green-border-color wp-image-931\" style=\"border-width:3px;border-top-left-radius:100px;border-top-right-radius:100px;border-bottom-left-radius:100px;border-bottom-right-radius:100px;aspect-ratio:1;object-fit:cover;width:100px\" srcset=\"https:\/\/tomatoday.fruitveb.hu\/wp-content\/uploads\/2026\/03\/FruitVeBegyegy.png 700w, https:\/\/tomatoday.fruitveb.hu\/wp-content\/uploads\/2026\/03\/FruitVeBegyegy-300x257.png 300w, https:\/\/tomatoday.fruitveb.hu\/wp-content\/uploads\/2026\/03\/FruitVeBegyegy-14x12.png 14w\" sizes=\"auto, (max-width: 700px) 100vw, 700px\" \/><\/figure>\n<\/div>\n<\/div>\n\n\n\n<div class=\"wp-block-columns is-layout-flex wp-container-core-columns-is-layout-28f84493 wp-block-columns-is-layout-flex\">\n<div class=\"wp-block-column is-vertically-aligned-top is-layout-flow wp-block-column-is-layout-flow\" style=\"flex-basis:80%\">\n<p><strong>Id\u0151pont:<\/strong> Date: June 02, 2026 (Tuesday)<\/p>\n<\/div>\n\n\n\n<div class=\"wp-block-column is-vertically-aligned-top is-layout-flow wp-block-column-is-layout-flow\" style=\"flex-basis:20%\">\n<figure class=\"wp-block-image alignright size-large is-resized has-custom-border\"><img loading=\"lazy\" decoding=\"async\" width=\"1024\" height=\"1024\" src=\"https:\/\/tomatoday.fruitveb.hu\/wp-content\/uploads\/2026\/03\/Gemini_Generated_Image_nvp6e1nvp6e1nvp6-1024x1024.png\" alt=\"\" class=\"has-border-color has-custom-green-border-color wp-image-933\" style=\"border-width:3px;border-top-left-radius:100px;border-top-right-radius:100px;border-bottom-left-radius:100px;border-bottom-right-radius:100px;aspect-ratio:1;object-fit:cover;width:100px\" srcset=\"https:\/\/tomatoday.fruitveb.hu\/wp-content\/uploads\/2026\/03\/Gemini_Generated_Image_nvp6e1nvp6e1nvp6-1024x1024.png 1024w, https:\/\/tomatoday.fruitveb.hu\/wp-content\/uploads\/2026\/03\/Gemini_Generated_Image_nvp6e1nvp6e1nvp6-300x300.png 300w, https:\/\/tomatoday.fruitveb.hu\/wp-content\/uploads\/2026\/03\/Gemini_Generated_Image_nvp6e1nvp6e1nvp6-150x150.png 150w, https:\/\/tomatoday.fruitveb.hu\/wp-content\/uploads\/2026\/03\/Gemini_Generated_Image_nvp6e1nvp6e1nvp6-768x768.png 768w, https:\/\/tomatoday.fruitveb.hu\/wp-content\/uploads\/2026\/03\/Gemini_Generated_Image_nvp6e1nvp6e1nvp6-1536x1536.png 1536w, https:\/\/tomatoday.fruitveb.hu\/wp-content\/uploads\/2026\/03\/Gemini_Generated_Image_nvp6e1nvp6e1nvp6-12x12.png 12w, https:\/\/tomatoday.fruitveb.hu\/wp-content\/uploads\/2026\/03\/Gemini_Generated_Image_nvp6e1nvp6e1nvp6.png 2048w\" sizes=\"auto, (max-width: 1024px) 100vw, 1024px\" \/><\/figure>\n<\/div>\n<\/div>\n\n\n\n<div class=\"wp-block-columns is-layout-flex wp-container-core-columns-is-layout-28f84493 wp-block-columns-is-layout-flex\">\n<div class=\"wp-block-column is-vertically-aligned-top is-layout-flow wp-block-column-is-layout-flow\" style=\"flex-basis:80%\">\n<p><strong>Venue:<\/strong> Hunguest Hotel Szeged (Forr\u00e1s), 6726 Szeged, Szent-Gy\u00f6rgyi A. u. 16-24.<\/p>\n<\/div>\n\n\n\n<div class=\"wp-block-column is-vertically-aligned-top is-layout-flow wp-block-column-is-layout-flow\" style=\"flex-basis:20%\">\n<figure class=\"wp-block-image alignright size-full is-resized has-custom-border\"><img loading=\"lazy\" decoding=\"async\" width=\"512\" height=\"512\" src=\"https:\/\/tomatoday.fruitveb.hu\/wp-content\/uploads\/2026\/02\/cropped-MPNlogo.png\" alt=\"\" class=\"has-border-color has-custom-green-border-color wp-image-140\" style=\"border-width:3px;border-top-left-radius:100px;border-top-right-radius:100px;border-bottom-left-radius:100px;border-bottom-right-radius:100px;aspect-ratio:1;object-fit:cover;width:100px\" srcset=\"https:\/\/tomatoday.fruitveb.hu\/wp-content\/uploads\/2026\/02\/cropped-MPNlogo.png 512w, https:\/\/tomatoday.fruitveb.hu\/wp-content\/uploads\/2026\/02\/cropped-MPNlogo-300x300.png 300w, https:\/\/tomatoday.fruitveb.hu\/wp-content\/uploads\/2026\/02\/cropped-MPNlogo-150x150.png 150w, https:\/\/tomatoday.fruitveb.hu\/wp-content\/uploads\/2026\/02\/cropped-MPNlogo-12x12.png 12w, https:\/\/tomatoday.fruitveb.hu\/wp-content\/uploads\/2026\/02\/cropped-MPNlogo-270x270.png 270w, https:\/\/tomatoday.fruitveb.hu\/wp-content\/uploads\/2026\/02\/cropped-MPNlogo-192x192.png 192w, https:\/\/tomatoday.fruitveb.hu\/wp-content\/uploads\/2026\/02\/cropped-MPNlogo-180x180.png 180w, https:\/\/tomatoday.fruitveb.hu\/wp-content\/uploads\/2026\/02\/cropped-MPNlogo-32x32.png 32w\" sizes=\"auto, (max-width: 512px) 100vw, 512px\" \/><\/figure>\n<\/div>\n<\/div>\n\n\n\n<div class=\"wp-block-columns is-layout-flex wp-container-core-columns-is-layout-28f84493 wp-block-columns-is-layout-flex\">\n<div class=\"wp-block-column is-layout-flow wp-block-column-is-layout-flow\" style=\"flex-basis:80%\">\n<p>This year\u2019s event is expected to host nearly 50 professional exhibitors as well as distinguished speakers from Hungary and abroad. The 2026 Hungarian Tomato Day and Greenhouse Expo will feature two sections (Professional and Innovation Section, and Subsidies and Developments Section), addressing the most important issues affecting the greenhouse vegetable sector with contributions from both domestic and international experts. The exhibiting companies will cover the full spectrum of cultivation and plant protection tasks and input needs related to greenhouse vegetable production.<\/p>\n<\/div>\n\n\n\n<div class=\"wp-block-column is-layout-flow wp-block-column-is-layout-flow\" style=\"flex-basis:20%\">\n<figure class=\"wp-block-image alignright size-full is-resized has-custom-border\"><img loading=\"lazy\" decoding=\"async\" width=\"1280\" height=\"853\" src=\"https:\/\/tomatoday.fruitveb.hu\/wp-content\/uploads\/2026\/02\/Tomato-08.jpg\" alt=\"\" class=\"has-border-color has-custom-green-border-color wp-image-234\" style=\"border-width:3px;border-top-left-radius:100px;border-top-right-radius:100px;border-bottom-left-radius:100px;border-bottom-right-radius:100px;aspect-ratio:1;object-fit:cover;width:100px\" srcset=\"https:\/\/tomatoday.fruitveb.hu\/wp-content\/uploads\/2026\/02\/Tomato-08.jpg 1280w, https:\/\/tomatoday.fruitveb.hu\/wp-content\/uploads\/2026\/02\/Tomato-08-300x200.jpg 300w, https:\/\/tomatoday.fruitveb.hu\/wp-content\/uploads\/2026\/02\/Tomato-08-1024x682.jpg 1024w, https:\/\/tomatoday.fruitveb.hu\/wp-content\/uploads\/2026\/02\/Tomato-08-768x512.jpg 768w, https:\/\/tomatoday.fruitveb.hu\/wp-content\/uploads\/2026\/02\/Tomato-08-18x12.jpg 18w\" sizes=\"auto, (max-width: 1280px) 100vw, 1280px\" \/><\/figure>\n<\/div>\n<\/div>\n\n\n\n<div class=\"wp-block-columns is-layout-flex wp-container-core-columns-is-layout-28f84493 wp-block-columns-is-layout-flex\">\n<div class=\"wp-block-column is-layout-flow wp-block-column-is-layout-flow\" style=\"flex-basis:80%\">\n<p>A link below provides access to our report and photo gallery from last year\u2019s event:<\/p>\n\n\n\n<p><a href=\"https:\/\/tomatoday.fruitveb.hu\/en\/beszamolo-a-magyar-paradicsom-napja-es-hajtatasi-expo-2025-rendezvenyrol\/\" target=\"_blank\" rel=\"noreferrer noopener\"><strong><mark style=\"background-color:rgba(0, 0, 0, 0);color:#503AA8\" class=\"has-inline-color\">Report and photo gallery on the 2025 Hungarian Tomato Day and Greenhouse Expo<\/mark><\/strong><\/a><\/p>\n<\/div>\n\n\n\n<div class=\"wp-block-column is-layout-flow wp-block-column-is-layout-flow\" style=\"flex-basis:20%\">\n<figure class=\"wp-block-image alignright size-large is-resized has-custom-border\"><img loading=\"lazy\" decoding=\"async\" width=\"1024\" height=\"682\" src=\"https:\/\/tomatoday.fruitveb.hu\/wp-content\/uploads\/2026\/02\/Tomato-16-1024x682.jpg\" alt=\"\" class=\"has-border-color has-custom-green-border-color wp-image-242\" style=\"border-width:3px;border-top-left-radius:100px;border-top-right-radius:100px;border-bottom-left-radius:100px;border-bottom-right-radius:100px;aspect-ratio:1;object-fit:cover;width:100px\" srcset=\"https:\/\/tomatoday.fruitveb.hu\/wp-content\/uploads\/2026\/02\/Tomato-16-1024x682.jpg 1024w, https:\/\/tomatoday.fruitveb.hu\/wp-content\/uploads\/2026\/02\/Tomato-16-300x200.jpg 300w, https:\/\/tomatoday.fruitveb.hu\/wp-content\/uploads\/2026\/02\/Tomato-16-768x512.jpg 768w, https:\/\/tomatoday.fruitveb.hu\/wp-content\/uploads\/2026\/02\/Tomato-16-18x12.jpg 18w, https:\/\/tomatoday.fruitveb.hu\/wp-content\/uploads\/2026\/02\/Tomato-16.jpg 1280w\" sizes=\"auto, (max-width: 1024px) 100vw, 1024px\" \/><\/figure>\n<\/div>\n<\/div>\n\n\n\n<div class=\"wp-block-columns is-layout-flex wp-container-core-columns-is-layout-28f84493 wp-block-columns-is-layout-flex\">\n<div class=\"wp-block-column is-layout-flow wp-block-column-is-layout-flow\" style=\"flex-basis:80%\">\n<p>The <a href=\"https:\/\/tomatoday.fruitveb.hu\/wp-content\/uploads\/2026\/04\/MPN_Program_Canva.pdf\" data-type=\"attachment\" data-id=\"1115\" target=\"_blank\" rel=\"noreferrer noopener\">program<\/a> is currently being finalized; the organizers reserve the right to make changes.<\/p>\n<\/div>\n\n\n\n<div class=\"wp-block-column is-layout-flow wp-block-column-is-layout-flow\" style=\"flex-basis:20%\">\n<figure class=\"wp-block-image alignright size-large is-resized has-custom-border\"><img loading=\"lazy\" decoding=\"async\" width=\"1024\" height=\"682\" src=\"https:\/\/tomatoday.fruitveb.hu\/wp-content\/uploads\/2026\/02\/Cucumber-10-1024x682.jpg\" alt=\"\" class=\"has-border-color has-custom-green-border-color wp-image-186\" style=\"border-width:3px;border-top-left-radius:100px;border-top-right-radius:100px;border-bottom-left-radius:100px;border-bottom-right-radius:100px;aspect-ratio:1;object-fit:cover;width:100px\" srcset=\"https:\/\/tomatoday.fruitveb.hu\/wp-content\/uploads\/2026\/02\/Cucumber-10-1024x682.jpg 1024w, https:\/\/tomatoday.fruitveb.hu\/wp-content\/uploads\/2026\/02\/Cucumber-10-300x200.jpg 300w, https:\/\/tomatoday.fruitveb.hu\/wp-content\/uploads\/2026\/02\/Cucumber-10-768x512.jpg 768w, https:\/\/tomatoday.fruitveb.hu\/wp-content\/uploads\/2026\/02\/Cucumber-10-18x12.jpg 18w, https:\/\/tomatoday.fruitveb.hu\/wp-content\/uploads\/2026\/02\/Cucumber-10.jpg 1280w\" sizes=\"auto, (max-width: 1024px) 100vw, 1024px\" \/><\/figure>\n<\/div>\n<\/div>\n\n\n\n<div class=\"wp-block-columns is-layout-flex wp-container-core-columns-is-layout-28f84493 wp-block-columns-is-layout-flex\">\n<div class=\"wp-block-column is-layout-flow wp-block-column-is-layout-flow\" style=\"flex-basis:80%\">\n<p><strong>INVITATION<\/strong><\/p>\n\n\n\n<p><strong>Dear Partner!<\/strong><\/p>\n\n\n\n<p>We hereby invite you to the Hungarian Tomato Day and Protected Cultivation Expo 2026. You may register by clicking the link below:<\/p>\n\n\n\n<p><strong><a href=\"https:\/\/docs.google.com\/forms\/d\/e\/1FAIpQLSd_qQNakhQRQ9vJEwr3FTY1EZhGElHAeCN26omB7VgaNDINHQ\/viewform\" target=\"_blank\" rel=\"noreferrer noopener\">REGISTRATION<\/a><\/strong><\/p>\n\n\n\n<p><\/p>\n<\/div>\n\n\n\n<div class=\"wp-block-column is-layout-flow wp-block-column-is-layout-flow\" style=\"flex-basis:20%\">\n<figure class=\"wp-block-image alignright size-full is-resized has-custom-border\"><img loading=\"lazy\" decoding=\"async\" width=\"450\" height=\"450\" src=\"https:\/\/tomatoday.fruitveb.hu\/wp-content\/uploads\/2026\/03\/Century-F1.jpg\" alt=\"\" class=\"has-border-color has-custom-green-border-color wp-image-932\" style=\"border-width:3px;border-top-left-radius:100px;border-top-right-radius:100px;border-bottom-left-radius:100px;border-bottom-right-radius:100px;aspect-ratio:1;object-fit:cover;width:100px\" srcset=\"https:\/\/tomatoday.fruitveb.hu\/wp-content\/uploads\/2026\/03\/Century-F1.jpg 450w, https:\/\/tomatoday.fruitveb.hu\/wp-content\/uploads\/2026\/03\/Century-F1-300x300.jpg 300w, https:\/\/tomatoday.fruitveb.hu\/wp-content\/uploads\/2026\/03\/Century-F1-150x150.jpg 150w, https:\/\/tomatoday.fruitveb.hu\/wp-content\/uploads\/2026\/03\/Century-F1-12x12.jpg 12w\" sizes=\"auto, (max-width: 450px) 100vw, 450px\" \/><\/figure>\n<\/div>\n<\/div>","protected":false},"excerpt":{"rendered":"<p>A FruitVeB szervez\u00e9s\u00e9ben a megszokott helysz\u00ednen, Szegeden (Forr\u00e1s Hotel) 2026. j\u00fanius 2-\u00e1n (kedd) ker\u00fcl megrendez\u00e9sre a Magyar Paradicsom Napja \u00e9s Hajtat\u00e1si Expo, Magyarorsz\u00e1g legjelent\u0151sebb hajtatott z\u00f6lds\u00e9gtermeszt\u00e9si esem\u00e9nye. Id\u0151pont: 2026. j\u00fanius 2. (kedd) Helysz\u00edn: Hunguest Hotel Szeged (Forr\u00e1s), 6726 Szeged, Szent-Gy\u00f6rgyi A. u. 16-24. Az idei rendezv\u00e9nyre k\u00f6zel 50 szakmai ki\u00e1ll\u00edt\u00f3t, rangos hazai \u00e9s k\u00fclf\u00f6ldi el\u0151ad\u00f3kat [&hellip;]<\/p>\n","protected":false},"author":1,"featured_media":0,"parent":0,"menu_order":0,"comment_status":"closed","ping_status":"open","template":"","meta":{"footnotes":""},"class_list":["post-2","page","type-page","status-publish","hentry"],"_links":{"self":[{"href":"https:\/\/tomatoday.fruitveb.hu\/en\/wp-json\/wp\/v2\/pages\/2","targetHints":{"allow":["GET"]}}],"collection":[{"href":"https:\/\/tomatoday.fruitveb.hu\/en\/wp-json\/wp\/v2\/pages"}],"about":[{"href":"https:\/\/tomatoday.fruitveb.hu\/en\/wp-json\/wp\/v2\/types\/page"}],"author":[{"embeddable":true,"href":"https:\/\/tomatoday.fruitveb.hu\/en\/wp-json\/wp\/v2\/users\/1"}],"replies":[{"embeddable":true,"href":"https:\/\/tomatoday.fruitveb.hu\/en\/wp-json\/wp\/v2\/comments?post=2"}],"version-history":[{"count":26,"href":"https:\/\/tomatoday.fruitveb.hu\/en\/wp-json\/wp\/v2\/pages\/2\/revisions"}],"predecessor-version":[{"id":1116,"href":"https:\/\/tomatoday.fruitveb.hu\/en\/wp-json\/wp\/v2\/pages\/2\/revisions\/1116"}],"wp:attachment":[{"href":"https:\/\/tomatoday.fruitveb.hu\/en\/wp-json\/wp\/v2\/media?parent=2"}],"curies":[{"name":"wp","href":"https:\/\/api.w.org\/{rel}","templated":true}]}}